{"id":167,"date":"2021-04-16T12:26:14","date_gmt":"2021-04-16T10:26:14","guid":{"rendered":"https:\/\/praxis-dr-benner.de\/?page_id=167"},"modified":"2021-06-29T11:23:12","modified_gmt":"2021-06-29T09:23:12","slug":"prophylaxe","status":"publish","type":"page","link":"https:\/\/praxis-dr-benner.brands-and-friends.de\/en\/leistungen\/prophylaxe\/","title":{"rendered":"Prophylaxe"},"content":{"rendered":"\n<figure class=\"wp-block-image size-full\"><img loading=\"lazy\" decoding=\"async\" width=\"1920\" height=\"436\" src=\"https:\/\/praxis-dr-benner.brands-and-friends.de\/wp-content\/uploads\/2021\/05\/header_prophylaxe.jpg\" alt=\"Zahnarzt Dr. Benner\" class=\"wp-image-332\" title=\"Zahnarzt Dr. Benner\" srcset=\"https:\/\/praxis-dr-benner.brands-and-friends.de\/wp-content\/uploads\/2021\/05\/header_prophylaxe.jpg 1920w, https:\/\/praxis-dr-benner.brands-and-friends.de\/wp-content\/uploads\/2021\/05\/header_prophylaxe-300x68.jpg 300w, https:\/\/praxis-dr-benner.brands-and-friends.de\/wp-content\/uploads\/2021\/05\/header_prophylaxe-1024x233.jpg 1024w, https:\/\/praxis-dr-benner.brands-and-friends.de\/wp-content\/uploads\/2021\/05\/header_prophylaxe-768x174.jpg 768w, https:\/\/praxis-dr-benner.brands-and-friends.de\/wp-content\/uploads\/2021\/05\/header_prophylaxe-1536x349.jpg 1536w\" sizes=\"auto, (max-width: 1920px) 100vw, 1920px\" \/><\/figure>\n\n\n\n<div class=\"wp-block-group fixed-size\"><div class=\"wp-block-group__inner-container is-layout-flow wp-block-group-is-layout-flow\">\n<div style=\"height:35px\" aria-hidden=\"true\" class=\"wp-block-spacer\"><\/div>\n\n\n\n<h2 class=\"wp-block-heading\">Professionelle Zahnreinigung. GENAU mein Ergebnis.<\/h2>\n\n\n\n<p>Immer mehr Menschen verstehen, dass Karies oder Parodontitis keine lebenslangen Begleiter sein mu\u0308ssen. Mit gezielter Aufkl\u00e4rung, der richtigen Betreuung und Motivation zur Eigeninitiative begleiten wir Sie bei Ihrem Weg zu einer best\u00e4ndigen Mundgesundheit. <\/p>\n\n\n\n<div class=\"wp-block-group fixed-size\"><div class=\"wp-block-group__inner-container is-layout-flow wp-block-group-is-layout-flow\">\n<div style=\"height:40px\" aria-hidden=\"true\" class=\"wp-block-spacer\"><\/div>\n\n\n\n<div class=\"wp-block-columns is-layout-flex wp-container-core-columns-is-layout-9d6595d7 wp-block-columns-is-layout-flex\">\n<div class=\"wp-block-column is-vertically-aligned-center is-layout-flow wp-block-column-is-layout-flow\">\n<h4 class=\"wp-block-heading\">Prophylaxe \u2013 F\u00fcr sch\u00f6ne &#038; gesunde Z\u00e4hne.<\/h4>\n\n\n\n<p>Die Professionelle Zahnreinigung ist die mit Abstand wirksamste Methode, um Ihre Z\u00e4hne und den Zahnhalteapparat langfristig zu schu\u0308tzen und seit Jahren nicht mehr aus Zahnarztpraxen, die sich der Pr\u00e4vention verschrieben haben, wegzudenken. Die Beseitigung von harten Bel\u00e4gen, extrazellul\u00e4ren polymeren Substanzen und das Zerst\u00f6ren des Biofilms unter direkter Sicht mit abgewinkelten Ultraschallinstrumenten sowie die Aufkl\u00e4rung des Patienten in Bezug auf Mundhygiene und Ern\u00e4hrungsfrequenz sind die Hauptmerkmale dieser Behandlungsart.<br>Sei es Karies oder Parodontitis &#8211; beiden Hauptkrankheiten der Mundh\u00f6hle kann mit richtiger Pflege Zuhause und in der Zahnarztpraxis ausnahmslos Einhalt geboten werden.<\/p>\n<\/div>\n\n\n\n<div class=\"wp-block-column online-termin is-layout-flow wp-block-column-is-layout-flow\">\n<div class=\"wp-block-group border-kreis\"><div class=\"wp-block-group__inner-container is-layout-flow wp-block-group-is-layout-flow\">\n<p class=\"has-text-align-center kreis-bunt-h\">Online<br>Terminvereinbarung<\/p>\n\n\n<div class=\"drflex-button-wrapper\">\n        <a href=\"javascript:toggleDrFlexAppointments()\">\n            <div class=\"drflex-button\"\n                style=\"border-radius: 1em;\n                    background-color: #68e697;\n                    color: #ffffff;\n                    padding: 1em;\">Termin online buchen\n            <\/div>\n        <\/a>\n    <\/div>\n\n\n\n<p class=\"has-text-align-center p-kreis\"><strong>oder telefonisch<\/strong><\/p>\n\n\n\n<p class=\"has-text-align-center p-kreis\"><strong>Tel. 02235 &#8211; 6525<\/strong><\/p>\n<\/div><\/div>\n<\/div>\n<\/div>\n\n\n\n<div style=\"height:20px\" aria-hidden=\"true\" class=\"wp-block-spacer\"><\/div>\n<\/div><\/div>\n<\/div><\/div>\n\n\n\n<div class=\"wp-block-group full-size light-blue\"><div class=\"wp-block-group__inner-container is-layout-flow wp-block-group-is-layout-flow\">\n<div style=\"height:46px\" aria-hidden=\"true\" class=\"wp-block-spacer\"><\/div>\n\n\n\n<div class=\"wp-block-columns fixed-size zahn-template is-layout-flex wp-container-core-columns-is-layout-9d6595d7 wp-block-columns-is-layout-flex\">\n<div class=\"wp-block-column is-vertically-aligned-top is-layout-flow wp-block-column-is-layout-flow\" style=\"flex-basis:40%\">\n<div class=\"wp-block-image\"><figure class=\"alignleft size-large\"><img loading=\"lazy\" decoding=\"async\" width=\"418\" height=\"262\" src=\"https:\/\/praxis-dr-benner.brands-and-friends.de\/wp-content\/uploads\/2021\/06\/prophylaxe_content01.jpg\" alt=\"Zahnarzt Dr. Benner\" class=\"wp-image-478\" title=\"Zahnarzt Dr. Benner\" srcset=\"https:\/\/praxis-dr-benner.brands-and-friends.de\/wp-content\/uploads\/2021\/06\/prophylaxe_content01.jpg 418w, https:\/\/praxis-dr-benner.brands-and-friends.de\/wp-content\/uploads\/2021\/06\/prophylaxe_content01-300x188.jpg 300w\" sizes=\"auto, (max-width: 418px) 100vw, 418px\" \/><\/figure><\/div>\n\n\n\n<h4 class=\"wp-block-heading\">Evidenzbasierte Medizin<\/h4>\n\n\n\n<p>Der schwedische Zahnmediziner Per Axelsson f\u00fchrte Anfang der 1970er eine Langzeitstudie \u00fcber den Nutzen einer professionellen Betreuung (sp\u00e4ter sollte sich der Name Professionelle Zahnreinigung durchsetzen) von Patienten durch Zahn\u00e4rzte durch. Diese Studie wurde aus ethischen Erw\u00e4gungen nach sechs Jahren abgebrochen, da die Teilnehmer der Kontrollgruppe, die die Zahnreinigung nicht erhielten, nicht nur signifikant mehr Karies hatten, sondern auch mehr Z\u00e4hne zerst\u00f6rt waren und das Zahnfleisch weitaus negativere Entz\u00fcndungsparameter aufwies.<\/p>\n<\/div>\n\n\n\n<div class=\"wp-block-column is-vertically-aligned-center is-layout-flow wp-block-column-is-layout-flow\" style=\"flex-basis:40%\">\n<div class=\"wp-block-image\"><figure class=\"alignleft size-full\"><img loading=\"lazy\" decoding=\"async\" width=\"418\" height=\"262\" src=\"https:\/\/praxis-dr-benner.brands-and-friends.de\/wp-content\/uploads\/2021\/05\/prophylaxe_content02.jpg\" alt=\"Zahnarzt Dr. Benner\" class=\"wp-image-334\" title=\"Zahnarzt Dr. Benner\" srcset=\"https:\/\/praxis-dr-benner.brands-and-friends.de\/wp-content\/uploads\/2021\/05\/prophylaxe_content02.jpg 418w, https:\/\/praxis-dr-benner.brands-and-friends.de\/wp-content\/uploads\/2021\/05\/prophylaxe_content02-300x188.jpg 300w\" sizes=\"auto, (max-width: 418px) 100vw, 418px\" \/><\/figure><\/div>\n\n\n\n<h4 class=\"wp-block-heading\">Ihre Gesundheit \u2013 Ihre Investition<\/h4>\n\n\n\n<p>Mittlerweile ist die Professionelle Zahnreinigung zur Biofilm- und Keimbeseitigung sowie die Anwendung weiterer Pr\u00e4ventivbehandlungen wie Fissurenversiegelungen Standard in jeder Zahnarztpraxis.<br>Doch gerade die Aufkl\u00e4rung des Patienten in Bezug auf Ern\u00e4hrungs- und Hygieneverhalten sind von besonderer Bedeutung, wenn ein f\u00fcr Ihre Gesundheit langfristig stabiles Ergebnis erzielt werden soll. Unsere speziell geschulten Mitarbeiterinnen sind genau daf\u00fcr ausgebildet und verwenden modernste Ger\u00e4te, um sowohl weiche als auch harte Bel\u00e4ge von Ihren Z\u00e4hnen zu entfernen \u2013 So k\u00f6nnen kostspielige Erkrankungen von Z\u00e4hnen und Zahnfleisch im wahrsten Sinne des Wortes \u201cim Keim erstickt werden\u201d.<\/p>\n<\/div>\n<\/div>\n\n\n\n<div style=\"height:21px\" aria-hidden=\"true\" class=\"wp-block-spacer\"><\/div>\n<\/div><\/div>\n\n\n\n<div class=\"wp-block-group full-size back-img-zahn\"><div class=\"wp-block-group__inner-container is-layout-flow wp-block-group-is-layout-flow\">\n<h3 class=\"has-text-align-center wp-block-heading\">Genau mein Service.<\/h3>\n\n\n\n<hr class=\"wp-block-separator\"\/>\n\n\n\n<h5 class=\"has-text-align-center wp-block-heading\">Jetzt einen Termin in <br>unserer Praxis vereinbaren.<\/h5>\n\n\n<div class=\"drflex-button-wrapper\">\n        <a href=\"javascript:toggleDrFlexAppointments()\">\n            <div class=\"drflex-button\"\n                style=\"border-radius: 1em;\n                    background-color: #68e697;\n                    color: #ffffff;\n                    padding: 1em;\">Termin online buchen\n            <\/div>\n        <\/a>\n    <\/div>\n\n\n\n<p class=\"has-text-align-center\">oder telefonisch Tel. 02235 &#8211; 6525<\/p>\n<\/div><\/div>\n\n\n\n<div class=\"wp-block-group fixed-size\"><div class=\"wp-block-group__inner-container is-layout-flow wp-block-group-is-layout-flow\">\n<div style=\"height:35px\" aria-hidden=\"true\" class=\"wp-block-spacer\"><\/div>\n\n\n\n<h4 class=\"wp-block-heading\">F\u00fcr die P\u00e4nz<\/h4>\n\n\n\n<p>Getreu dem Motto \u201cVorbeugen ist besser als Heilen\u201d halten wir es f\u00fcr sinnvoll, L\u00f6cher erst gar nicht entstehen zu lassen, anstatt sie zu f\u00fcllen. Von daher beginnt unsere Prophylaxe im Schwangerschaftsbauch. Durch die Aufkl\u00e4rung der Eltern garantieren wir, dass ab der Geburt die Weichen f\u00fcr gesunde Z\u00e4hne \u2013 und das ein Leben lang \u2013 gestellt sind.<\/p>\n\n\n\n<p><br>Engmaschige Kontrollen sind der Grundstein f\u00fcr gesunde Milchz\u00e4hne, welche die Basis f\u00fcr eine gesunde Mundflora und die ab dem sechsten Lebensjahr durchbrechenden, bleibenden Z\u00e4hne bilden.<\/p>\n\n\n\n<h4 class=\"wp-block-heading\">Ihr Mehrwert<\/h4>\n\n\n\n<p>Die mechanische Reinigung in der Praxis ist der erste Schritt zu einer gesunden Mundh\u00f6hle. Mit den Hilfsmitteln, die uns Zuhause zur Verfu\u0308gung stehen, k\u00f6nnen feste Ablagerungen wie Zahnstein, der sich besonders gern hinter den Unterkieferschneidez\u00e4hnen ablagert, nicht entfernt werden.<\/p>\n\n\n\n<p><br>Jedoch gibt es einen untersch\u00e4tzten Aspekt, auf den wir in der Praxis Dr. Benner besonders Wert legen: Die Aufkl\u00e4rung des Patienten. Nur wer wei\u00df, wie gesunde Lebensmittel Karies verursachen oder wie beziehungsweise wann Zahnseide und\/oder Zahnzwischenraumbu\u0308rstchen zum Einsatz kommen sollten, kann dabei mitwirken, die<br>eigene Mundgesundheit zu erhalten. Wie h\u00e4ufig Sie zur Professionellen Zahnreinigung kommen sollten, wird anhand eines individuellen Risikoprofils mit Ihrem behandelnden Arzt\/Ihrer behandelnden \u00c4rztin abgestimmt.<\/p>\n\n\n\n<div style=\"height:35px\" aria-hidden=\"true\" class=\"wp-block-spacer\"><\/div>\n\n\n\n<div data-uk-slideset=\"{default: 1,small: 2,medium: 2,large: 3}\">\n\n    \n    <div class=\"uk-slidenav-position uk-margin\">\n\n        <ul class=\"uk-slideset uk-grid uk-grid-match uk-flex-center uk-grid-width-1-1 uk-grid-width-small-1-2 uk-grid-width-medium-1-2 uk-grid-width-large-1-3\">\n        \n            <li>\n\n                <div class=\"uk-panel uk-text-center\">\n\n                    \n                    \n                                        <div class=\"uk-text-center uk-panel-teaser\"><img decoding=\"async\" src=\"\/wp-content\/uploads\/2021\/05\/content_slider_01.jpg\" class=\" uk-overlay-scale\" alt=\"Zahn G1\" title=\"Zahnarzt Dr. Benner\"><\/div>\n                    \n                    \n                    \n                    \n                    \n                    \n                    \n                <\/div>\n\n            <\/li>\n\n        \n            <li>\n\n                <div class=\"uk-panel uk-text-center\">\n\n                    \n                    \n                                        <div class=\"uk-text-center uk-panel-teaser\"><img decoding=\"async\" src=\"\/wp-content\/uploads\/2021\/05\/content_slider_02.jpg\" class=\" uk-overlay-scale\" alt=\"Zahn G2\" title=\"Zahnarzt Dr. Benner\"><\/div>\n                    \n                    \n                    \n                    \n                    \n                    \n                    \n                <\/div>\n\n            <\/li>\n\n        \n            <li>\n\n                <div class=\"uk-panel uk-text-center\">\n\n                    \n                    \n                                        <div class=\"uk-text-center uk-panel-teaser\"><img decoding=\"async\" src=\"\/wp-content\/uploads\/2021\/05\/content_slider_03.jpg\" class=\" uk-overlay-scale\" alt=\"Zahn G3\" title=\"Zahnarzt Dr. Benner\"><\/div>\n                    \n                    \n                    \n                    \n                    \n                    \n                    \n                <\/div>\n\n            <\/li>\n\n        \n            <li>\n\n                <div class=\"uk-panel uk-text-center\">\n\n                    \n                    \n                                        <div class=\"uk-text-center uk-panel-teaser\"><img decoding=\"async\" src=\"\/wp-content\/uploads\/2021\/05\/content_slider_04.jpg\" class=\" uk-overlay-scale\" alt=\"Zahn G4\" title=\"Zahnarzt Dr. Benner\"><\/div>\n                    \n                    \n                    \n                    \n                    \n                    \n                    \n                <\/div>\n\n            <\/li>\n\n        \n            <li>\n\n                <div class=\"uk-panel uk-text-center\">\n\n                    \n                    \n                                        <div class=\"uk-text-center uk-panel-teaser\"><img decoding=\"async\" src=\"\/wp-content\/uploads\/2021\/05\/content_slider_05.jpg\" class=\" uk-overlay-scale\" alt=\"Zahn G5\" title=\"Zahnarzt Dr. Benner\"><\/div>\n                    \n                    \n                    \n                    \n                    \n                    \n                    \n                <\/div>\n\n            <\/li>\n\n        \n            <li>\n\n                <div class=\"uk-panel uk-text-center\">\n\n                    \n                    \n                                        <div class=\"uk-text-center uk-panel-teaser\"><img decoding=\"async\" src=\"\/wp-content\/uploads\/2021\/05\/content_slider_06.jpg\" class=\" uk-overlay-scale\" alt=\"Zahn G6\" title=\"Zahnarzt Dr. Benner\"><\/div>\n                    \n                    \n                    \n                    \n                    \n                    \n                    \n                <\/div>\n\n            <\/li>\n\n                <\/ul>\n\n        \n    <\/div>\n\n        <div class=\"uk-flex uk-flex-center uk-margin-top\">\n        <div class=\"uk-grid uk-grid-small\">\n            <div><a href=\"#\" class=\"uk-slidenav uk-slidenav-previous\" data-uk-slideset-item=\"previous\"><\/a><\/div>\n            <div><a href=\"#\" class=\"uk-slidenav uk-slidenav-next\" data-uk-slideset-item=\"next\"><\/a><\/div>\n        <\/div>\n    <\/div>\n    \n    \n    \n<\/div>\n\n<\/div><\/div>\n\n\n\n<div style=\"height:61px\" aria-hidden=\"true\" class=\"wp-block-spacer\"><\/div>\n\n\n\n<div class=\"wp-block-group full-size light-blue\"><div class=\"wp-block-group__inner-container is-layout-flow wp-block-group-is-layout-flow\">\n<div style=\"height:46px\" aria-hidden=\"true\" class=\"wp-block-spacer\"><\/div>\n\n\n\n<h2 class=\"fixed-size wp-block-heading\">Genau meine Praxis.<\/h2>\n\n\n\n<div class=\"wp-block-columns fixed-size zahn-template is-layout-flex wp-container-core-columns-is-layout-9d6595d7 wp-block-columns-is-layout-flex\">\n<div class=\"wp-block-column is-vertically-aligned-top is-layout-flow wp-block-column-is-layout-flow\" style=\"flex-basis:40%\">\n<ul class=\"wp-block-list\"><li>Wohlf\u00fchlatmosph\u00e4re<\/li><\/ul>\n\n\n\n<p>Durch ein entspanntes Miteinander unter den Mitarbeitern, aber genauso im Umgang mit Ihnen als Patient, wird die Behandlung so komfortabel wie m\u00f6glich gestaltet. Auch abseits der reinen Behandlung bieten wir Ihnen eine Vielzahl an Services: Online-Terminvergabe und klimatisierte R\u00e4umlichkeiten d\u00fcrfen heute in einer dienstleistungsorientierten Praxis nicht fehlen.<\/p>\n<\/div>\n\n\n\n<div class=\"wp-block-column is-vertically-aligned-top is-layout-flow wp-block-column-is-layout-flow\" style=\"flex-basis:40%\">\n<ul class=\"wp-block-list\"><li>Eigenlabor<\/li><\/ul>\n\n\n\n<p>Durch das praxisinterne Labor k\u00f6nnen kleine Reparaturen vor Ort durchgef\u00fchrt werden. Auch kann f\u00fcr die Farbbestimmung bei Kronen oder Br\u00fccken der Techniker aus dem Nebenraum mit draufschauen. Diese direkte Abstimmung zwischen Zahntechniker und Zahnarzt gibt uns die M\u00f6glichkeit, das perfekte Ergebnis f\u00fcr Sie zu erzielen.<\/p>\n<\/div>\n<\/div>\n\n\n\n<div class=\"wp-block-columns fixed-size zahn-template is-layout-flex wp-container-core-columns-is-layout-9d6595d7 wp-block-columns-is-layout-flex\">\n<div class=\"wp-block-column is-vertically-aligned-top is-layout-flow wp-block-column-is-layout-flow\" style=\"flex-basis:40%\">\n<ul class=\"wp-block-list\"><li>Ratenzahlung<\/li><\/ul>\n\n\n\n<p>Diesen Service bieten wir Ihnen \u00fcber eine Kooperation mit der Health AG an. 12 Monate haben Sie die M\u00f6glichkeit, komplett zinslos abzuzahlen. Scheuen Sie sich nicht, uns anzusprechen!<\/p>\n<\/div>\n\n\n\n<div class=\"wp-block-column is-vertically-aligned-top is-layout-flow wp-block-column-is-layout-flow\" style=\"flex-basis:40%\">\n<ul class=\"wp-block-list\"><li>Zahnzusatzversicherung<\/li><\/ul>\n\n\n\n<p>Viele Patienten sind \u00fcberfordert mit der Suche nach der richtigen Zahnzusatzversicherung \u2013 die undurchschaubare Vielzahl an m\u00f6glichen Vertr\u00e4gen ist f\u00fcr Fachfremde einfach zu gro\u00df.<\/p>\n\n\n\n<p><em>Als Praxis d\u00fcrfen wir keine explizite Vertragsempfehlung aussprechen, jedoch nehmen wir uns gerne die Zeit, Ihre Fragen zu diesem komplexen Thema zu beantworten.<\/em><\/p>\n<\/div>\n<\/div>\n\n\n\n<div style=\"height:45px\" aria-hidden=\"true\" class=\"wp-block-spacer\"><\/div>\n<\/div><\/div>\n\n\n\n<div class=\"wp-block-group full-size back-img-zahn-blue\"><div class=\"wp-block-group__inner-container is-layout-flow wp-block-group-is-layout-flow\">\n<h3 class=\"has-text-align-center wp-block-heading\">Haben Sie noch Fragen?<\/h3>\n\n\n\n<p class=\"has-text-align-center\">Wir freuen uns, Sie zu unserem Leistungsportfolio im Rahmen der Prophylaxe beraten zu d\u00fcrfen. Rufen Sie uns gerne an oder vereinbaren Sie direkt ein Erstgespr\u00e4ch bei unseren Behandlern von Praxis Dr. Benner in Erftstadt. <\/p>\n\n\n<div class=\"drflex-button-wrapper\">\n        <a href=\"javascript:toggleDrFlexAppointments()\">\n            <div class=\"drflex-button\"\n                style=\"border-radius: 1em;\n                    background-color: #68e697;\n                    color: #ffffff;\n                    padding: 1em;\">Termin online buchen\n            <\/div>\n        <\/a>\n    <\/div>\n<\/div><\/div>\n\n\n\n<div class=\"wp-block-group fixed-size\"><div class=\"wp-block-group__inner-container is-layout-flow wp-block-group-is-layout-flow\">\n<div style=\"height:50px\" aria-hidden=\"true\" class=\"wp-block-spacer\"><\/div>\n\n\n\n<div class=\"wp-block-columns landing-oz-next is-layout-flex wp-container-core-columns-is-layout-9d6595d7 wp-block-columns-is-layout-flex\">\n<div class=\"wp-block-column lnading-other-adress is-layout-flow wp-block-column-is-layout-flow\">\n\n<div id=\"wk-gridbae\" class=\"uk-grid-width-1-1 uk-grid-width-small-1-1 uk-grid-width-medium-1-1 uk-grid-width-large-1-2 uk-grid-width-xlarge-1-2 uk-grid uk-grid-match uk-text-left \" data-uk-grid-match=\"{target:'> div > .uk-panel', row:true}\" data-uk-grid-margin  data-uk-scrollspy=\"{cls:'uk-animation-scale-up uk-invisible', target:'> div > .uk-panel', delay:300}\">\n\n\n    <div>\n        <div class=\"uk-panel uk-invisible\">\n\n            \n            \n                        <div class=\"uk-text-center uk-margin uk-margin-top-remove\"><img loading=\"lazy\" decoding=\"async\" src=\"\/wp-content\/uploads\/2021\/04\/logo-blue-bildmarke.png\" alt=\"PRAXIS\" width=\"91\" height=\"91\" title=\"Zahnarzt Dr. Benner\"><\/div>\n            \n            \n            \n            \n            \n                        <div class=\"uk-margin\"><div id=\"kontakt_\">.<\/div>\n<h5>PRAXIS DR. BENNER<\/h5>\n<span>Landstr. 23 | 50374 Erftstadt<br>\nTel. 02235 &#8211; 6525<br><\/span><br>\n<a href=\"mailto:info@praxis-dr-benner.de\">info@praxis-dr-benner.de<\/a><br>\n\n<\/div>\n            \n            \n            \n            \n        <\/div>\n    <\/div>\n\n\n<\/div>\n\n<script>\n(function($){\n\n    \/\/ get the images of the gallery and replace it by a canvas of the same size to fix the problem with overlapping images on load.\n    $('img[width][height]:not(.uk-overlay-panel)', $('#wk-gridbae')).each(function() {\n\n        var $img = $(this);\n\n        if (this.width == 'auto' || this.height == 'auto' || !$img.is(':visible')) {\n            return;\n        }\n\n        var $canvas = $('<canvas class=\"uk-responsive-width\"><\/canvas>').attr({width:$img.attr('width'), height:$img.attr('height')}),\n            img = new Image,\n            release = function() {\n                $canvas.remove();\n                $img.css('display', '');\n                release = function(){};\n            };\n\n        $img.css('display', 'none').after($canvas);\n\n        $(img).on('load', function(){ release(); });\n        setTimeout(function(){ release(); }, 1000);\n\n        img.src = this.src;\n\n    });\n\n})(jQuery);\n<\/script>\n\n<\/div>\n\n\n\n<div class=\"wp-block-column is-layout-flow wp-block-column-is-layout-flow\">\n\n<div id=\"wk-grid0be\" class=\"uk-grid-width-1-1 uk-grid-width-small-1-1 uk-grid-width-medium-1-1 uk-grid-width-large-1-2 uk-grid-width-xlarge-1-2 uk-grid uk-grid-match uk-text-left landigpage-oz\" data-uk-grid-match=\"{target:'> div > .uk-panel', row:true}\" data-uk-grid-margin  data-uk-scrollspy=\"{cls:'uk-animation-scale-up uk-invisible', target:'> div > .uk-panel', delay:300}\">\n\n\n    <div>\n        <div class=\"uk-panel uk-invisible\">\n\n            \n            \n            \n            \n                        <h3 class=\"uk-panel-title\">\n\n                                    \u00d6ffnungszeiten                \n                \n            <\/h3>\n            \n            \n            \n                        <div class=\"uk-margin\"><div class=\"\">\n<div id=\"oeffnungszeiten_\">.<\/div>\n<table>\n<tbody>\n<tr>\n<td>Montag<\/td>\n<td>07:30 &#8211; 19:30 Uhr<\/td>\n<\/tr>\n<tr>\n<td>Dienstag<\/td>\n<td>07:30 &#8211; 19:30 Uhr<\/td>\n<\/tr>\n<tr>\n<td>Mittwoch<\/td>\n<td>07:30 &#8211; 17:00 Uhr<\/td>\n<\/tr>\n<tr>\n<td>Donnerstag<\/td>\n<td>07:30 &#8211; 19:30 Uhr<\/td>\n<\/tr>\n<tr>\n<td>Freitag<\/td>\n<td>07:30 &#8211; 13:30 Uhr<\/td>\n<\/tr>\n<\/tbody>\n<\/table><\/div>\n<\/div>\n            \n            \n            \n            \n        <\/div>\n    <\/div>\n\n\n<\/div>\n\n<script>\n(function($){\n\n    \/\/ get the images of the gallery and replace it by a canvas of the same size to fix the problem with overlapping images on load.\n    $('img[width][height]:not(.uk-overlay-panel)', $('#wk-grid0be')).each(function() {\n\n        var $img = $(this);\n\n        if (this.width == 'auto' || this.height == 'auto' || !$img.is(':visible')) {\n            return;\n        }\n\n        var $canvas = $('<canvas class=\"uk-responsive-width\"><\/canvas>').attr({width:$img.attr('width'), height:$img.attr('height')}),\n            img = new Image,\n            release = function() {\n                $canvas.remove();\n                $img.css('display', '');\n                release = function(){};\n            };\n\n        $img.css('display', 'none').after($canvas);\n\n        $(img).on('load', function(){ release(); });\n        setTimeout(function(){ release(); }, 1000);\n\n        img.src = this.src;\n\n    });\n\n})(jQuery);\n<\/script>\n\n<\/div>\n\n\n\n<div class=\"wp-block-column is-vertically-aligned-bottom is-layout-flow wp-block-column-is-layout-flow\">\n\n<div id=\"wk-grid61d\" class=\"uk-grid-width-1-1 uk-grid-width-small-1-1 uk-grid-width-medium-1-1 uk-grid-width-large-1-2 uk-grid-width-xlarge-1-2 uk-grid uk-grid-match uk-text-left jameda-content\" data-uk-grid-match=\"{target:'> div > .uk-panel', row:true}\" data-uk-grid-margin  data-uk-scrollspy=\"{cls:'uk-animation-scale-up uk-invisible', target:'> div > .uk-panel', delay:300}\">\n\n\n    <div>\n        <div class=\"uk-panel uk-invisible\">\n\n            \n            \n            \n            \n            \n            \n            \n                        <div class=\"uk-margin\"><p><script src=\"https:\/\/cdn1.jameda-elements.de\/widgets\/siegel\/81611361_1\/1733868\/\" type=\"text\/javascript\" async><\/script><\/p>\n<div id=\"jameda-widget-container1733868\" style=\"position:relative; width:272px; height:168px; margin:15px; background-image:url(https:\/\/cdn1.jameda-elements.de\/premium\/widgets\/_images\/top10-top20-bg.png); background-repeat:no-repeat; font-family:Arial, Helvetica, sans-serif; font-size:12px; line-height:15px;\">\n<div style=\"position:absolute; top:25px; left:108px; width:148px; height:58px; overflow:hidden; white-space:normal;\"><a href=\"https:\/\/www.jameda.de\/erftstadt\/zahnaerzte\/endodontologie-wurzelbehandlung\/dr-marcel-benner\/uebersicht\/81611361_1\/?utm_content=Top5&amp;utm_source=Kunden-Homepages&amp;utm_medium=Badges&amp;utm_term=81611361&amp;utm_campaign=Badges\" style=\"font-size:15px; line-height:18px; font-weight:bold; color:#01a3d4; text-decoration:none; border:0px;\" target=\"_blank\" rel=\"noopener\">Dr. med. dent. Marcel Benner<\/a><\/div>\n<div style=\"position:absolute; top:98px; left:108px; width:152px; height:53px; overflow:hidden; color:#888; font-size:11px; line-height:13px;\"><strong><\/strong><br \/>in Erftstadt auf&nbsp;<a href=\"https:\/\/www.jameda.de\/erftstadt\/aerzte\/gruppe\/?utm_content=Top5&amp;utm_source=Kunden-Homepages&amp;utm_medium=Badges&amp;utm_term=81611361&amp;utm_campaign=Badges\" class=\"jam_link_check\" style=\"color:#069bd2; font-size:11px; text-decoration:none; border:0px; background-color:transparent !important;\" target=\"_blank\" rel=\"noopener\">jameda<\/a><\/div>\n<\/div>\n<\/div>\n            \n            \n            \n            \n        <\/div>\n    <\/div>\n\n\n<\/div>\n\n<script>\n(function($){\n\n    \/\/ get the images of the gallery and replace it by a canvas of the same size to fix the problem with overlapping images on load.\n    $('img[width][height]:not(.uk-overlay-panel)', $('#wk-grid61d')).each(function() {\n\n        var $img = $(this);\n\n        if (this.width == 'auto' || this.height == 'auto' || !$img.is(':visible')) {\n            return;\n        }\n\n        var $canvas = $('<canvas class=\"uk-responsive-width\"><\/canvas>').attr({width:$img.attr('width'), height:$img.attr('height')}),\n            img = new Image,\n            release = function() {\n                $canvas.remove();\n                $img.css('display', '');\n                release = function(){};\n            };\n\n        $img.css('display', 'none').after($canvas);\n\n        $(img).on('load', function(){ release(); });\n        setTimeout(function(){ release(); }, 1000);\n\n        img.src = this.src;\n\n    });\n\n})(jQuery);\n<\/script>\n\n<\/div>\n<\/div>\n\n\n\n<div style=\"height:39px\" aria-hidden=\"true\" class=\"wp-block-spacer\"><\/div>\n<\/div><\/div>\n\n\n\n<p><\/p>\n","protected":false},"excerpt":{"rendered":"<p>Professionelle Zahnreinigung. GENAU mein Ergebnis. Immer mehr Menschen verstehen, dass Karies oder Parodontitis keine lebenslangen Begleiter sein mu\u0308ssen. Mit gezielter Aufkl\u00e4rung, der richtigen Betreuung und Motivation zur Eigeninitiative begleiten wir Sie bei Ihrem Weg zu einer best\u00e4ndigen Mundgesundheit. Prophylaxe \u2013 F\u00fcr sch\u00f6ne &#038; gesunde Z\u00e4hne. Die Professionelle Zahnreinigung ist die mit Abstand wirksamste Methode, um [&hellip;]<\/p>\n","protected":false},"author":1,"featured_media":0,"parent":165,"menu_order":0,"comment_status":"closed","ping_status":"closed","template":"","meta":{"_custom_body_class":"landingpage","_custom_post_class":"","footnotes":""},"class_list":["post-167","page","type-page","status-publish","hentry"],"_links":{"self":[{"href":"https:\/\/praxis-dr-benner.brands-and-friends.de\/en\/wp-json\/wp\/v2\/pages\/167","targetHints":{"allow":["GET"]}}],"collection":[{"href":"https:\/\/praxis-dr-benner.brands-and-friends.de\/en\/wp-json\/wp\/v2\/pages"}],"about":[{"href":"https:\/\/praxis-dr-benner.brands-and-friends.de\/en\/wp-json\/wp\/v2\/types\/page"}],"author":[{"embeddable":true,"href":"https:\/\/praxis-dr-benner.brands-and-friends.de\/en\/wp-json\/wp\/v2\/users\/1"}],"replies":[{"embeddable":true,"href":"https:\/\/praxis-dr-benner.brands-and-friends.de\/en\/wp-json\/wp\/v2\/comments?post=167"}],"version-history":[{"count":44,"href":"https:\/\/praxis-dr-benner.brands-and-friends.de\/en\/wp-json\/wp\/v2\/pages\/167\/revisions"}],"predecessor-version":[{"id":479,"href":"https:\/\/praxis-dr-benner.brands-and-friends.de\/en\/wp-json\/wp\/v2\/pages\/167\/revisions\/479"}],"up":[{"embeddable":true,"href":"https:\/\/praxis-dr-benner.brands-and-friends.de\/en\/wp-json\/wp\/v2\/pages\/165"}],"wp:attachment":[{"href":"https:\/\/praxis-dr-benner.brands-and-friends.de\/en\/wp-json\/wp\/v2\/media?parent=167"}],"curies":[{"name":"wp","href":"https:\/\/api.w.org\/{rel}","templated":true}]}}