{"id":254,"date":"2021-04-21T13:44:42","date_gmt":"2021-04-21T11:44:42","guid":{"rendered":"https:\/\/praxis-dr-benner.de\/?page_id=254"},"modified":"2024-05-16T16:46:44","modified_gmt":"2024-05-16T14:46:44","slug":"kinderzahnheilkunde","status":"publish","type":"page","link":"https:\/\/praxis-dr-benner.brands-and-friends.de\/en\/leistungen\/kinderzahnheilkunde\/","title":{"rendered":"Kinderzahnheilkunde"},"content":{"rendered":"\n<figure class=\"wp-block-image size-full\"><img loading=\"lazy\" decoding=\"async\" width=\"1920\" height=\"436\" src=\"https:\/\/praxis-dr-benner.brands-and-friends.de\/wp-content\/uploads\/2021\/05\/header_kinderZHK.jpg\" alt=\"Zahnarzt Dr. Benner\" class=\"wp-image-291\" title=\"Zahnarzt Dr. Benner\" srcset=\"https:\/\/praxis-dr-benner.brands-and-friends.de\/wp-content\/uploads\/2021\/05\/header_kinderZHK.jpg 1920w, https:\/\/praxis-dr-benner.brands-and-friends.de\/wp-content\/uploads\/2021\/05\/header_kinderZHK-300x68.jpg 300w, https:\/\/praxis-dr-benner.brands-and-friends.de\/wp-content\/uploads\/2021\/05\/header_kinderZHK-1024x233.jpg 1024w, https:\/\/praxis-dr-benner.brands-and-friends.de\/wp-content\/uploads\/2021\/05\/header_kinderZHK-768x174.jpg 768w, https:\/\/praxis-dr-benner.brands-and-friends.de\/wp-content\/uploads\/2021\/05\/header_kinderZHK-1536x349.jpg 1536w\" sizes=\"auto, (max-width: 1920px) 100vw, 1920px\" \/><\/figure>\n\n\n\n<div class=\"wp-block-group fixed-size\"><div class=\"wp-block-group__inner-container is-layout-flow wp-block-group-is-layout-flow\">\n<div style=\"height:35px\" aria-hidden=\"true\" class=\"wp-block-spacer\"><\/div>\n\n\n\n<h2 class=\"wp-block-heading\">Kinderzahnheilkunde &#8211; Genau mein Zahnarzt.<\/h2>\n\n\n\n<p>Was viele Patientinnen und Patienten nach wie vor nicht wissen: Karies l\u00e4sst sich komplett verhindern! Wir legen allgemein einen hohen Wert auf die Pr\u00e4vention und Prophylaxe. Doch gerade bei Kindern ist es durch gezielte Aufkl\u00e4rung und regelm\u00e4\u00dfige Kontrolle sehr einfach, die Volkskrankheit Nummer eins gar nicht erst entstehen zu lassen. <\/p>\n\n\n\n<div class=\"wp-block-group fixed-size\"><div class=\"wp-block-group__inner-container is-layout-flow wp-block-group-is-layout-flow\">\n<div style=\"height:40px\" aria-hidden=\"true\" class=\"wp-block-spacer\"><\/div>\n\n\n\n<div class=\"wp-block-columns is-layout-flex wp-container-core-columns-is-layout-9d6595d7 wp-block-columns-is-layout-flex\">\n<div class=\"wp-block-column is-vertically-aligned-center is-layout-flow wp-block-column-is-layout-flow\">\n<h4 class=\"wp-block-heading\">Die Prim\u00e4r-Prim\u00e4r-Prophylaxe erkl\u00e4rt<\/h4>\n\n\n\n<p>Zahngesundheit f\u00e4ngt schon im Mutterleib an! Durch Aufkl\u00e4rung u\u0308ber richtiges Ern\u00e4hrungs- und Putzverhalten der Mu\u0308tter wird garantiert, dass die Kinder von Anfang an gut versorgt sind. Engmaschige Kontrollen in der Praxis, sobald die Z\u00e4hne vorhanden sind, erg\u00e4nzen die heimische Fu\u0308rsorge.<br>Zudem werden in regelm\u00e4\u00dfigen Abst\u00e4nden die Z\u00e4hne mit konzentrierten Fluoridgaben gest\u00e4rkt, um den S\u00e4ureangriffen der Bakterien besser Stand halten zu k\u00f6nnen. So kann Karies gar nicht erst entstehen und Schmerzen und Behandlungen fu\u0308r Kinder k\u00f6nnen<br>komplett umgangen werden.<\/p>\n<\/div>\n\n\n\n<div class=\"wp-block-column online-termin is-layout-flow wp-block-column-is-layout-flow\">\n<div class=\"wp-block-group border-kreis\"><div class=\"wp-block-group__inner-container is-layout-flow wp-block-group-is-layout-flow\">\n<p class=\"has-text-align-center kreis-bunt-h\">Online<br>Terminvereinbarung<\/p>\n\n\n<div class=\"drflex-button-wrapper\">\n        <a href=\"javascript:toggleDrFlexAppointments()\">\n            <div class=\"drflex-button\"\n                style=\"border-radius: 1em;\n                    background-color: #68e697;\n                    color: #ffffff;\n                    padding: 1em;\">Termin online buchen\n            <\/div>\n        <\/a>\n    <\/div>\n\n\n\n<p class=\"has-text-align-center p-kreis\"><strong>oder telefonisch<\/strong><\/p>\n\n\n\n<p class=\"has-text-align-center p-kreis\"><strong>Tel. 02235 &#8211; 6525<\/strong><\/p>\n<\/div><\/div>\n<\/div>\n<\/div>\n\n\n\n<div style=\"height:20px\" aria-hidden=\"true\" class=\"wp-block-spacer\"><\/div>\n<\/div><\/div>\n<\/div><\/div>\n\n\n\n<div class=\"wp-block-group full-size light-blue\"><div class=\"wp-block-group__inner-container is-layout-flow wp-block-group-is-layout-flow\">\n<div style=\"height:46px\" aria-hidden=\"true\" class=\"wp-block-spacer\"><\/div>\n\n\n\n<div class=\"wp-block-columns fixed-size zahn-template is-layout-flex wp-container-core-columns-is-layout-9d6595d7 wp-block-columns-is-layout-flex\">\n<div class=\"wp-block-column is-vertically-aligned-top is-layout-flow wp-block-column-is-layout-flow\" style=\"flex-basis:40%\"><div class=\"wp-block-image\">\n<figure class=\"alignleft size-full\"><img loading=\"lazy\" decoding=\"async\" width=\"418\" height=\"262\" src=\"https:\/\/praxis-dr-benner.brands-and-friends.de\/wp-content\/uploads\/2021\/05\/kinderzhk_content01.jpg\" alt=\"Zahnarzt Dr. Benner\" class=\"wp-image-292\" title=\"Zahnarzt Dr. Benner\" srcset=\"https:\/\/praxis-dr-benner.brands-and-friends.de\/wp-content\/uploads\/2021\/05\/kinderzhk_content01.jpg 418w, https:\/\/praxis-dr-benner.brands-and-friends.de\/wp-content\/uploads\/2021\/05\/kinderzhk_content01-300x188.jpg 300w\" sizes=\"auto, (max-width: 418px) 100vw, 418px\" \/><\/figure>\n<\/div>\n\n\n<h4 class=\"wp-block-heading\">Richtig vorbereiten<\/h4>\n\n\n\n<p>Kinder sind unvoreingenommen und k\u00f6nnen nicht wissen, was beim Zahnarzt passiert. Bereiten Sie Ihr Kind optimal auf den Besuch bei uns vor: \u00dcben Sie das Mund aufhalten, durch die Nase atmen und vermitteln Sie den Zahnarztbesuch als Belohnung \u201cwenn Du brav bist, darfst Du mitkommen\u201d. Selbst Verneinungen von sogenannten b\u00f6sen Worten wie Angst, Schmerz oder wehtun sollten vermieden werden, da Kinder bis zu einem bestimmten Alter Negationen nicht verstehen. Formulieren Sie den Zahnarzttermin positiv und sagen Sie statt \u201cDu brauchst keine Angst haben\u201d lieber \u201cDas wird super, ich freue mich auch schon darauf!\u201d.<\/p>\n<\/div>\n\n\n\n<div class=\"wp-block-column is-vertically-aligned-top is-layout-flow wp-block-column-is-layout-flow\" style=\"flex-basis:40%\"><div class=\"wp-block-image\">\n<figure class=\"alignleft size-full\"><img loading=\"lazy\" decoding=\"async\" width=\"418\" height=\"262\" src=\"https:\/\/praxis-dr-benner.brands-and-friends.de\/wp-content\/uploads\/2021\/05\/kinderzhk_content02.jpg\" alt=\"Zahnarzt Dr. Benner\" class=\"wp-image-293\" title=\"Zahnarzt Dr. Benner\" srcset=\"https:\/\/praxis-dr-benner.brands-and-friends.de\/wp-content\/uploads\/2021\/05\/kinderzhk_content02.jpg 418w, https:\/\/praxis-dr-benner.brands-and-friends.de\/wp-content\/uploads\/2021\/05\/kinderzhk_content02-300x188.jpg 300w\" sizes=\"auto, (max-width: 418px) 100vw, 418px\" \/><\/figure>\n<\/div>\n\n\n<h4 class=\"wp-block-heading\">Rundumversorgung der Kleinen<\/h4>\n\n\n\n<p>Sollte doch mal ein Loch entstehen oder ein Zahn gezogen werden mu\u0308ssen, ist der Nachwuchs bei uns perfekt aufgehoben. Mit spielerischer Herangehensweise durch die Tell-Show-Do Methode, nehmen wir unseren kleinen Patienten alle Vorbehalte (nicht die Angst, denn fu\u0308r die gibt es bei uns weder sprachlich, noch behandlerisch einen Grund). Sollte im sp\u00e4teren Lebensabschnitt eine Zahnspange notwendig sein, kl\u00e4ren wir Sie fru\u0308hzeitig auf. <\/p>\n<\/div>\n<\/div>\n\n\n\n<div style=\"height:21px\" aria-hidden=\"true\" class=\"wp-block-spacer\"><\/div>\n<\/div><\/div>\n\n\n\n<div class=\"wp-block-group full-size back-img-zahn\"><div class=\"wp-block-group__inner-container is-layout-flow wp-block-group-is-layout-flow\">\n<h3 class=\"wp-block-heading has-text-align-center\">Genau mein Service.<\/h3>\n\n\n\n<hr class=\"wp-block-separator has-css-opacity\"\/>\n\n\n\n<h5 class=\"wp-block-heading has-text-align-center\">Jetzt einen Termin in <br>unserer Praxis vereinbaren.<\/h5>\n\n\n<div class=\"drflex-button-wrapper\">\n        <a href=\"javascript:toggleDrFlexAppointments()\">\n            <div class=\"drflex-button\"\n                style=\"border-radius: 1em;\n                    background-color: #68e697;\n                    color: #ffffff;\n                    padding: 1em;\">Termin online buchen\n            <\/div>\n        <\/a>\n    <\/div>\n\n\n\n<p class=\"has-text-align-center\">oder telefonisch Tel. 02235 &#8211; 6525<\/p>\n<\/div><\/div>\n\n\n\n<div class=\"wp-block-group fixed-size\"><div class=\"wp-block-group__inner-container is-layout-flow wp-block-group-is-layout-flow\">\n<div style=\"height:35px\" aria-hidden=\"true\" class=\"wp-block-spacer\"><\/div>\n\n\n\n<h4 class=\"wp-block-heading\">Und wenn gar nichts mehr geht?<\/h4>\n\n\n\n<p>Manche Kinder kommen mit gro\u00dfen psychischen Blockaden in die Praxis. Diese k\u00f6nnen traumatisch bedingt sein, andere sind ohne Grund. Fu\u0308r solche Extremf\u00e4lle arbeiten wir mit Praxen zusammen, bei denen An\u00e4sthesisten die kleinen Patienten schlafen legen und die Behandlungen unkompliziert durchgefu\u0308hrt werden. Die Vollnarkose ist jedoch als letztes Mittel zu sehen und wird so gut wie nie eingesetzt.<\/p>\n\n\n\n<div style=\"height:35px\" aria-hidden=\"true\" class=\"wp-block-spacer\"><\/div>\n\n\n\n<div data-uk-slideset=\"{default: 1,small: 2,medium: 2,large: 3}\">\n\n    \n    <div class=\"uk-slidenav-position uk-margin\">\n\n        <ul class=\"uk-slideset uk-grid uk-grid-match uk-flex-center uk-grid-width-1-1 uk-grid-width-small-1-2 uk-grid-width-medium-1-2 uk-grid-width-large-1-3\">\n        \n            <li>\n\n                <div class=\"uk-panel uk-text-center\">\n\n                    \n                    \n                                        <div class=\"uk-text-center uk-panel-teaser\"><img decoding=\"async\" src=\"\/wp-content\/uploads\/2021\/05\/content_slider_01.jpg\" class=\" uk-overlay-scale\" alt=\"Zahn G1\" title=\"Zahnarzt Dr. Benner\"><\/div>\n                    \n                    \n                    \n                    \n                    \n                    \n                    \n                <\/div>\n\n            <\/li>\n\n        \n            <li>\n\n                <div class=\"uk-panel uk-text-center\">\n\n                    \n                    \n                                        <div class=\"uk-text-center uk-panel-teaser\"><img decoding=\"async\" src=\"\/wp-content\/uploads\/2021\/05\/content_slider_02.jpg\" class=\" uk-overlay-scale\" alt=\"Zahn G2\" title=\"Zahnarzt Dr. Benner\"><\/div>\n                    \n                    \n                    \n                    \n                    \n                    \n                    \n                <\/div>\n\n            <\/li>\n\n        \n            <li>\n\n                <div class=\"uk-panel uk-text-center\">\n\n                    \n                    \n                                        <div class=\"uk-text-center uk-panel-teaser\"><img decoding=\"async\" src=\"\/wp-content\/uploads\/2021\/05\/content_slider_03.jpg\" class=\" uk-overlay-scale\" alt=\"Zahn G3\" title=\"Zahnarzt Dr. Benner\"><\/div>\n                    \n                    \n                    \n                    \n                    \n                    \n                    \n                <\/div>\n\n            <\/li>\n\n        \n            <li>\n\n                <div class=\"uk-panel uk-text-center\">\n\n                    \n                    \n                                        <div class=\"uk-text-center uk-panel-teaser\"><img decoding=\"async\" src=\"\/wp-content\/uploads\/2021\/05\/content_slider_04.jpg\" class=\" uk-overlay-scale\" alt=\"Zahn G4\" title=\"Zahnarzt Dr. Benner\"><\/div>\n                    \n                    \n                    \n                    \n                    \n                    \n                    \n                <\/div>\n\n            <\/li>\n\n        \n            <li>\n\n                <div class=\"uk-panel uk-text-center\">\n\n                    \n                    \n                                        <div class=\"uk-text-center uk-panel-teaser\"><img decoding=\"async\" src=\"\/wp-content\/uploads\/2021\/05\/content_slider_05.jpg\" class=\" uk-overlay-scale\" alt=\"Zahn G5\" title=\"Zahnarzt Dr. Benner\"><\/div>\n                    \n                    \n                    \n                    \n                    \n                    \n                    \n                <\/div>\n\n            <\/li>\n\n        \n            <li>\n\n                <div class=\"uk-panel uk-text-center\">\n\n                    \n                    \n                                        <div class=\"uk-text-center uk-panel-teaser\"><img decoding=\"async\" src=\"\/wp-content\/uploads\/2021\/05\/content_slider_06.jpg\" class=\" uk-overlay-scale\" alt=\"Zahn G6\" title=\"Zahnarzt Dr. Benner\"><\/div>\n                    \n                    \n                    \n                    \n                    \n                    \n                    \n                <\/div>\n\n            <\/li>\n\n                <\/ul>\n\n        \n    <\/div>\n\n        <div class=\"uk-flex uk-flex-center uk-margin-top\">\n        <div class=\"uk-grid uk-grid-small\">\n            <div><a href=\"#\" class=\"uk-slidenav uk-slidenav-previous\" data-uk-slideset-item=\"previous\"><\/a><\/div>\n            <div><a href=\"#\" class=\"uk-slidenav uk-slidenav-next\" data-uk-slideset-item=\"next\"><\/a><\/div>\n        <\/div>\n    <\/div>\n    \n    \n    \n<\/div>\n\n<\/div><\/div>\n\n\n\n<div style=\"height:61px\" aria-hidden=\"true\" class=\"wp-block-spacer\"><\/div>\n\n\n\n<div class=\"wp-block-group full-size light-blue\"><div class=\"wp-block-group__inner-container is-layout-flow wp-block-group-is-layout-flow\">\n<div style=\"height:46px\" aria-hidden=\"true\" class=\"wp-block-spacer\"><\/div>\n\n\n\n<h2 class=\"wp-block-heading fixed-size\">Genau meine Praxis.<\/h2>\n\n\n\n<div class=\"wp-block-columns fixed-size zahn-template is-layout-flex wp-container-core-columns-is-layout-9d6595d7 wp-block-columns-is-layout-flex\">\n<div class=\"wp-block-column is-vertically-aligned-top is-layout-flow wp-block-column-is-layout-flow\" style=\"flex-basis:40%\">\n<ul class=\"wp-block-list\">\n<li>Wohlf\u00fchlatmosph\u00e4re<\/li>\n<\/ul>\n\n\n\n<p>Durch ein entspanntes Miteinander unter den Mitarbeitern, aber genauso im Umgang mit Ihnen als Patient, wird die Behandlung so komfortabel wie m\u00f6glich gestaltet. Auch abseits der reinen Behandlung bieten wir Ihnen eine Vielzahl an Services: Online-Terminvergabe und klimatisierte R\u00e4umlichkeiten d\u00fcrfen heute in einer dienstleistungsorientierten Praxis nicht fehlen.<\/p>\n<\/div>\n\n\n\n<div class=\"wp-block-column is-vertically-aligned-top is-layout-flow wp-block-column-is-layout-flow\" style=\"flex-basis:40%\">\n<ul class=\"wp-block-list\">\n<li>Eigenlabor<\/li>\n<\/ul>\n\n\n\n<p>Durch das praxisinterne Labor k\u00f6nnen kleine Reparaturen vor Ort durchgef\u00fchrt werden. Auch kann f\u00fcr die Farbbestimmung bei Kronen oder Br\u00fccken der Techniker aus dem Nebenraum mit draufschauen. Diese direkte Abstimmung zwischen Zahntechniker und Zahnarzt gibt uns die M\u00f6glichkeit, das perfekte Ergebnis f\u00fcr Sie zu erzielen.<\/p>\n<\/div>\n<\/div>\n\n\n\n<div class=\"wp-block-columns fixed-size zahn-template is-layout-flex wp-container-core-columns-is-layout-9d6595d7 wp-block-columns-is-layout-flex\">\n<div class=\"wp-block-column is-vertically-aligned-top is-layout-flow wp-block-column-is-layout-flow\" style=\"flex-basis:40%\">\n<ul class=\"wp-block-list\">\n<li>Ratenzahlung<\/li>\n<\/ul>\n\n\n\n<p>Diesen Service bieten wir Ihnen \u00fcber eine Kooperation mit der Health AG an. 12 Monate haben Sie die M\u00f6glichkeit, komplett zinslos abzuzahlen. Scheuen Sie sich nicht, uns anzusprechen!<\/p>\n<\/div>\n\n\n\n<div class=\"wp-block-column is-vertically-aligned-top is-layout-flow wp-block-column-is-layout-flow\" style=\"flex-basis:40%\">\n<ul class=\"wp-block-list\">\n<li>Zahnzusatzversicherung<\/li>\n<\/ul>\n\n\n\n<p>Viele Patienten sind \u00fcberfordert mit der Suche nach der richtigen Zahnzusatzversicherung \u2013 die undurchschaubare Vielzahl an m\u00f6glichen Vertr\u00e4gen ist f\u00fcr Fachfremde einfach zu gro\u00df.<\/p>\n\n\n\n<p><em>Als Praxis d\u00fcrfen wir keine explizite Vertragsempfehlung aussprechen, jedoch nehmen wir uns gerne die Zeit, Ihre Fragen zu diesem komplexen Thema zu beantworten.<\/em><\/p>\n<\/div>\n<\/div>\n\n\n\n<div style=\"height:45px\" aria-hidden=\"true\" class=\"wp-block-spacer\"><\/div>\n<\/div><\/div>\n\n\n\n<div class=\"wp-block-group full-size back-img-zahn-blue\"><div class=\"wp-block-group__inner-container is-layout-flow wp-block-group-is-layout-flow\">\n<h3 class=\"wp-block-heading has-text-align-center\">Haben Sie noch Fragen?<\/h3>\n\n\n\n<p class=\"has-text-align-center\">Wir freuen uns, Sie und vor allem Ihre Kinder von Anfang an beraten zu d\u00fcrfen. Rufen Sie uns gerne an oder vereinbaren Sie direkt ein Erstgespr\u00e4ch bei unseren Behandlern von Praxis Dr. Benner in Erftstadt.&nbsp;<\/p>\n\n\n<div class=\"drflex-button-wrapper\">\n        <a href=\"javascript:toggleDrFlexAppointments()\">\n            <div class=\"drflex-button\"\n                style=\"border-radius: 1em;\n                    background-color: #68e697;\n                    color: #ffffff;\n                    padding: 1em;\">Termin online buchen\n            <\/div>\n        <\/a>\n    <\/div>\n<\/div><\/div>\n\n\n\n<div class=\"wp-block-group fixed-size\"><div class=\"wp-block-group__inner-container is-layout-flow wp-block-group-is-layout-flow\">\n<div style=\"height:50px\" aria-hidden=\"true\" class=\"wp-block-spacer\"><\/div>\n\n\n\n<div class=\"wp-block-columns landing-oz-next is-layout-flex wp-container-core-columns-is-layout-9d6595d7 wp-block-columns-is-layout-flex\">\n<div class=\"wp-block-column lnading-other-adress is-layout-flow wp-block-column-is-layout-flow\">\n\n<div id=\"wk-gridbf0\" class=\"uk-grid-width-1-1 uk-grid-width-small-1-1 uk-grid-width-medium-1-1 uk-grid-width-large-1-2 uk-grid-width-xlarge-1-2 uk-grid uk-grid-match uk-text-left \" data-uk-grid-match=\"{target:'> div > .uk-panel', row:true}\" data-uk-grid-margin  data-uk-scrollspy=\"{cls:'uk-animation-scale-up uk-invisible', target:'> div > .uk-panel', delay:300}\">\n\n\n    <div>\n        <div class=\"uk-panel uk-invisible\">\n\n            \n            \n                        <div class=\"uk-text-center uk-margin uk-margin-top-remove\"><img loading=\"lazy\" decoding=\"async\" src=\"\/wp-content\/uploads\/2021\/04\/logo-blue-bildmarke.png\" alt=\"PRAXIS\" width=\"91\" height=\"91\" title=\"Zahnarzt Dr. Benner\"><\/div>\n            \n            \n            \n            \n            \n                        <div class=\"uk-margin\"><div id=\"kontakt_\">.<\/div>\n<h5>PRAXIS DR. BENNER<\/h5>\n<span>Landstr. 23 | 50374 Erftstadt<br>\nTel. 02235 &#8211; 6525<br><\/span><br>\n<a href=\"mailto:info@praxis-dr-benner.de\">info@praxis-dr-benner.de<\/a><br>\n\n<\/div>\n            \n            \n            \n            \n        <\/div>\n    <\/div>\n\n\n<\/div>\n\n<script>\n(function($){\n\n    \/\/ get the images of the gallery and replace it by a canvas of the same size to fix the problem with overlapping images on load.\n    $('img[width][height]:not(.uk-overlay-panel)', $('#wk-gridbf0')).each(function() {\n\n        var $img = $(this);\n\n        if (this.width == 'auto' || this.height == 'auto' || !$img.is(':visible')) {\n            return;\n        }\n\n        var $canvas = $('<canvas class=\"uk-responsive-width\"><\/canvas>').attr({width:$img.attr('width'), height:$img.attr('height')}),\n            img = new Image,\n            release = function() {\n                $canvas.remove();\n                $img.css('display', '');\n                release = function(){};\n            };\n\n        $img.css('display', 'none').after($canvas);\n\n        $(img).on('load', function(){ release(); });\n        setTimeout(function(){ release(); }, 1000);\n\n        img.src = this.src;\n\n    });\n\n})(jQuery);\n<\/script>\n\n<\/div>\n\n\n\n<div class=\"wp-block-column is-layout-flow wp-block-column-is-layout-flow\">\n\n<div id=\"wk-grid09e\" class=\"uk-grid-width-1-1 uk-grid-width-small-1-1 uk-grid-width-medium-1-1 uk-grid-width-large-1-2 uk-grid-width-xlarge-1-2 uk-grid uk-grid-match uk-text-left landigpage-oz\" data-uk-grid-match=\"{target:'> div > .uk-panel', row:true}\" data-uk-grid-margin  data-uk-scrollspy=\"{cls:'uk-animation-scale-up uk-invisible', target:'> div > .uk-panel', delay:300}\">\n\n\n    <div>\n        <div class=\"uk-panel uk-invisible\">\n\n            \n            \n            \n            \n                        <h3 class=\"uk-panel-title\">\n\n                                    \u00d6ffnungszeiten                \n                \n            <\/h3>\n            \n            \n            \n                        <div class=\"uk-margin\"><div class=\"\">\n<div id=\"oeffnungszeiten_\">.<\/div>\n<table>\n<tbody>\n<tr>\n<td>Montag<\/td>\n<td>07:30 &#8211; 19:30 Uhr<\/td>\n<\/tr>\n<tr>\n<td>Dienstag<\/td>\n<td>07:30 &#8211; 19:30 Uhr<\/td>\n<\/tr>\n<tr>\n<td>Mittwoch<\/td>\n<td>07:30 &#8211; 17:00 Uhr<\/td>\n<\/tr>\n<tr>\n<td>Donnerstag<\/td>\n<td>07:30 &#8211; 19:30 Uhr<\/td>\n<\/tr>\n<tr>\n<td>Freitag<\/td>\n<td>07:30 &#8211; 13:30 Uhr<\/td>\n<\/tr>\n<\/tbody>\n<\/table><\/div>\n<\/div>\n            \n            \n            \n            \n        <\/div>\n    <\/div>\n\n\n<\/div>\n\n<script>\n(function($){\n\n    \/\/ get the images of the gallery and replace it by a canvas of the same size to fix the problem with overlapping images on load.\n    $('img[width][height]:not(.uk-overlay-panel)', $('#wk-grid09e')).each(function() {\n\n        var $img = $(this);\n\n        if (this.width == 'auto' || this.height == 'auto' || !$img.is(':visible')) {\n            return;\n        }\n\n        var $canvas = $('<canvas class=\"uk-responsive-width\"><\/canvas>').attr({width:$img.attr('width'), height:$img.attr('height')}),\n            img = new Image,\n            release = function() {\n                $canvas.remove();\n                $img.css('display', '');\n                release = function(){};\n            };\n\n        $img.css('display', 'none').after($canvas);\n\n        $(img).on('load', function(){ release(); });\n        setTimeout(function(){ release(); }, 1000);\n\n        img.src = this.src;\n\n    });\n\n})(jQuery);\n<\/script>\n\n<\/div>\n\n\n\n<div class=\"wp-block-column is-vertically-aligned-bottom is-layout-flow wp-block-column-is-layout-flow\">\n\n<div id=\"wk-grid5ec\" class=\"uk-grid-width-1-1 uk-grid-width-small-1-1 uk-grid-width-medium-1-1 uk-grid-width-large-1-2 uk-grid-width-xlarge-1-2 uk-grid uk-grid-match uk-text-left jameda-content\" data-uk-grid-match=\"{target:'> div > .uk-panel', row:true}\" data-uk-grid-margin  data-uk-scrollspy=\"{cls:'uk-animation-scale-up uk-invisible', target:'> div > .uk-panel', delay:300}\">\n\n\n    <div>\n        <div class=\"uk-panel uk-invisible\">\n\n            \n            \n            \n            \n            \n            \n            \n                        <div class=\"uk-margin\"><p><script src=\"https:\/\/cdn1.jameda-elements.de\/widgets\/siegel\/81611361_1\/1733868\/\" type=\"text\/javascript\" async><\/script><\/p>\n<div id=\"jameda-widget-container1733868\" style=\"position:relative; width:272px; height:168px; margin:15px; background-image:url(https:\/\/cdn1.jameda-elements.de\/premium\/widgets\/_images\/top10-top20-bg.png); background-repeat:no-repeat; font-family:Arial, Helvetica, sans-serif; font-size:12px; line-height:15px;\">\n<div style=\"position:absolute; top:25px; left:108px; width:148px; height:58px; overflow:hidden; white-space:normal;\"><a href=\"https:\/\/www.jameda.de\/erftstadt\/zahnaerzte\/endodontologie-wurzelbehandlung\/dr-marcel-benner\/uebersicht\/81611361_1\/?utm_content=Top5&amp;utm_source=Kunden-Homepages&amp;utm_medium=Badges&amp;utm_term=81611361&amp;utm_campaign=Badges\" style=\"font-size:15px; line-height:18px; font-weight:bold; color:#01a3d4; text-decoration:none; border:0px;\" target=\"_blank\" rel=\"noopener\">Dr. med. dent. Marcel Benner<\/a><\/div>\n<div style=\"position:absolute; top:98px; left:108px; width:152px; height:53px; overflow:hidden; color:#888; font-size:11px; line-height:13px;\"><strong><\/strong><br \/>in Erftstadt auf&nbsp;<a href=\"https:\/\/www.jameda.de\/erftstadt\/aerzte\/gruppe\/?utm_content=Top5&amp;utm_source=Kunden-Homepages&amp;utm_medium=Badges&amp;utm_term=81611361&amp;utm_campaign=Badges\" class=\"jam_link_check\" style=\"color:#069bd2; font-size:11px; text-decoration:none; border:0px; background-color:transparent !important;\" target=\"_blank\" rel=\"noopener\">jameda<\/a><\/div>\n<\/div>\n<\/div>\n            \n            \n            \n            \n        <\/div>\n    <\/div>\n\n\n<\/div>\n\n<script>\n(function($){\n\n    \/\/ get the images of the gallery and replace it by a canvas of the same size to fix the problem with overlapping images on load.\n    $('img[width][height]:not(.uk-overlay-panel)', $('#wk-grid5ec')).each(function() {\n\n        var $img = $(this);\n\n        if (this.width == 'auto' || this.height == 'auto' || !$img.is(':visible')) {\n            return;\n        }\n\n        var $canvas = $('<canvas class=\"uk-responsive-width\"><\/canvas>').attr({width:$img.attr('width'), height:$img.attr('height')}),\n            img = new Image,\n            release = function() {\n                $canvas.remove();\n                $img.css('display', '');\n                release = function(){};\n            };\n\n        $img.css('display', 'none').after($canvas);\n\n        $(img).on('load', function(){ release(); });\n        setTimeout(function(){ release(); }, 1000);\n\n        img.src = this.src;\n\n    });\n\n})(jQuery);\n<\/script>\n\n<\/div>\n<\/div>\n\n\n\n<div style=\"height:39px\" aria-hidden=\"true\" class=\"wp-block-spacer\"><\/div>\n<\/div><\/div>\n\n\n\n<p><\/p>\n","protected":false},"excerpt":{"rendered":"<p>Kinderzahnheilkunde &#8211; Genau mein Zahnarzt. Was viele Patientinnen und Patienten nach wie vor nicht wissen: Karies l\u00e4sst sich komplett verhindern! Wir legen allgemein einen hohen Wert auf die Pr\u00e4vention und Prophylaxe. Doch gerade bei Kindern ist es durch gezielte Aufkl\u00e4rung und regelm\u00e4\u00dfige Kontrolle sehr einfach, die Volkskrankheit Nummer eins gar nicht erst entstehen zu lassen. [&hellip;]<\/p>\n","protected":false},"author":1,"featured_media":0,"parent":165,"menu_order":0,"comment_status":"closed","ping_status":"closed","template":"","meta":{"_custom_body_class":"landingpage","_custom_post_class":"","footnotes":""},"class_list":["post-254","page","type-page","status-publish","hentry"],"_links":{"self":[{"href":"https:\/\/praxis-dr-benner.brands-and-friends.de\/en\/wp-json\/wp\/v2\/pages\/254","targetHints":{"allow":["GET"]}}],"collection":[{"href":"https:\/\/praxis-dr-benner.brands-and-friends.de\/en\/wp-json\/wp\/v2\/pages"}],"about":[{"href":"https:\/\/praxis-dr-benner.brands-and-friends.de\/en\/wp-json\/wp\/v2\/types\/page"}],"author":[{"embeddable":true,"href":"https:\/\/praxis-dr-benner.brands-and-friends.de\/en\/wp-json\/wp\/v2\/users\/1"}],"replies":[{"embeddable":true,"href":"https:\/\/praxis-dr-benner.brands-and-friends.de\/en\/wp-json\/wp\/v2\/comments?post=254"}],"version-history":[{"count":25,"href":"https:\/\/praxis-dr-benner.brands-and-friends.de\/en\/wp-json\/wp\/v2\/pages\/254\/revisions"}],"predecessor-version":[{"id":890,"href":"https:\/\/praxis-dr-benner.brands-and-friends.de\/en\/wp-json\/wp\/v2\/pages\/254\/revisions\/890"}],"up":[{"embeddable":true,"href":"https:\/\/praxis-dr-benner.brands-and-friends.de\/en\/wp-json\/wp\/v2\/pages\/165"}],"wp:attachment":[{"href":"https:\/\/praxis-dr-benner.brands-and-friends.de\/en\/wp-json\/wp\/v2\/media?parent=254"}],"curies":[{"name":"wp","href":"https:\/\/api.w.org\/{rel}","templated":true}]}}