{"id":608,"date":"2022-03-08T08:58:56","date_gmt":"2022-03-08T07:58:56","guid":{"rendered":"https:\/\/praxis-dr-benner.de\/?page_id=608"},"modified":"2022-12-02T16:45:24","modified_gmt":"2022-12-02T15:45:24","slug":"zahnpflege","status":"publish","type":"page","link":"https:\/\/praxis-dr-benner.brands-and-friends.de\/en\/prophylaxekonzept\/zahnpflege\/","title":{"rendered":"Zahnpflege"},"content":{"rendered":"\n<div class=\"wp-block-group pk\"><div class=\"wp-block-group__inner-container is-layout-flow wp-block-group-is-layout-flow\">\n<figure class=\"wp-block-image size-full header\"><img loading=\"lazy\" decoding=\"async\" width=\"2560\" height=\"581\" src=\"https:\/\/praxis-dr-benner.brands-and-friends.de\/wp-content\/uploads\/2022\/03\/zpf-header-scaled.jpg\" alt=\"Zahnarzt Dr. Benner\" class=\"wp-image-612\" title=\"Zahnarzt Dr. Benner\" srcset=\"https:\/\/praxis-dr-benner.brands-and-friends.de\/wp-content\/uploads\/2022\/03\/zpf-header-scaled.jpg 2560w, https:\/\/praxis-dr-benner.brands-and-friends.de\/wp-content\/uploads\/2022\/03\/zpf-header-300x68.jpg 300w, https:\/\/praxis-dr-benner.brands-and-friends.de\/wp-content\/uploads\/2022\/03\/zpf-header-1024x232.jpg 1024w, https:\/\/praxis-dr-benner.brands-and-friends.de\/wp-content\/uploads\/2022\/03\/zpf-header-768x174.jpg 768w, https:\/\/praxis-dr-benner.brands-and-friends.de\/wp-content\/uploads\/2022\/03\/zpf-header-1536x349.jpg 1536w, https:\/\/praxis-dr-benner.brands-and-friends.de\/wp-content\/uploads\/2022\/03\/zpf-header-2048x465.jpg 2048w\" sizes=\"auto, (max-width: 2560px) 100vw, 2560px\" \/><\/figure>\n\n\n\n<div class=\"wp-block-group bg-green\"><div class=\"wp-block-group__inner-container is-layout-flow wp-block-group-is-layout-flow\">\n<div style=\"height:20px\" aria-hidden=\"true\" class=\"wp-block-spacer\"><\/div>\n\n\n\n<div class=\"wp-block-group fixed-size\"><div class=\"wp-block-group__inner-container is-layout-flow wp-block-group-is-layout-flow\">\n<h1 class=\"short-b wp-block-heading\">Prophylaxekonzept:<br>Die richtige Zahnpflege<\/h1>\n\n\n\n<p><strong>Die Lesedauer dieser Thematik betr\u00e4gt circa 2 Minuten.<\/strong><\/p>\n<\/div><\/div>\n\n\n\n<div style=\"height:20px\" aria-hidden=\"true\" class=\"wp-block-spacer\"><\/div>\n<\/div><\/div>\n\n\n\n<div style=\"height:50px\" aria-hidden=\"true\" class=\"wp-block-spacer\"><\/div>\n\n\n\n<div class=\"wp-block-group fixed-size\"><div class=\"wp-block-group__inner-container is-layout-flow wp-block-group-is-layout-flow\">\n<h2 class=\"has-text-color wp-block-heading\" style=\"color:#6fc2b6\">Die richtige Zahnpflege<\/h2>\n\n\n\n<div class=\"wp-block-columns is-layout-flex wp-container-core-columns-is-layout-9d6595d7 wp-block-columns-is-layout-flex\">\n<div class=\"wp-block-column column-margin is-layout-flow wp-block-column-is-layout-flow\" style=\"flex-basis:60%\">\n<p>Zu diesem Thema erreichen uns in der Praxis immer sehr viele Fragen:<\/p>\n\n\n\n<ul class=\"wp-block-list\"><li><em>Welche Zahnb\u00fcrste sollte ich benutzen?<\/em><\/li><li><em>Wie oft benutzt man Zahnseide?<\/em><\/li><li><em>Welche Zahnpasta soll es sein?<\/em><\/li><li><em>Wie genau putze ich am besten?<\/em><\/li><\/ul>\n\n\n\n<p>Eine allgemeing\u00fcltige Antwort darauf lautet:<br>Keep it simple &#8211; halten Sie es einfach!<\/p>\n\n\n\n<p>Der Unterschied zwischen den verschiedenen Zahnb\u00fcrsten, Zahnpasten und Produkten f\u00fcr die Zahnzwischenraumpflege ist von untergeordneter Bedeutung. Das Wichtigste was die Pflege angeht, l\u00e4sst sich recht einfach zusammenfassen: Putzen Sie mindestens zwei Mal t\u00e4glich die Z\u00e4hne mit fluoridierter Zahnpasta und nutzen Sie ein Mal t\u00e4glich &#8211; am besten abends &#8211; Zahnseide. Elektrische B\u00fcrsten haben Vorteile und wenn Sie Ihren Z\u00e4hnen etwas Gutes tun wollen, benutzen Sie ein Mal pro Woche statt Zahnpasta Elmex Gel\u00e9e.<\/p>\n\n\n\n<p>Wie genau es zu dieser Aussage kommt und wo die Unterschiede liegen, wird im Folgenden erkl\u00e4rt.<\/p>\n<\/div>\n\n\n\n<div class=\"wp-block-column is-layout-flow wp-block-column-is-layout-flow\" style=\"flex-basis:40%\">\n<figure class=\"wp-block-image size-full\"><img loading=\"lazy\" decoding=\"async\" width=\"784\" height=\"781\" src=\"https:\/\/praxis-dr-benner.brands-and-friends.de\/wp-content\/uploads\/2022\/03\/zpf1.jpg\" alt=\"Zahnarzt Dr. Benner\" class=\"wp-image-611\" title=\"Zahnarzt Dr. Benner\" srcset=\"https:\/\/praxis-dr-benner.brands-and-friends.de\/wp-content\/uploads\/2022\/03\/zpf1.jpg 784w, https:\/\/praxis-dr-benner.brands-and-friends.de\/wp-content\/uploads\/2022\/03\/zpf1-300x300.jpg 300w, https:\/\/praxis-dr-benner.brands-and-friends.de\/wp-content\/uploads\/2022\/03\/zpf1-150x150.jpg 150w, https:\/\/praxis-dr-benner.brands-and-friends.de\/wp-content\/uploads\/2022\/03\/zpf1-768x765.jpg 768w\" sizes=\"auto, (max-width: 784px) 100vw, 784px\" \/><\/figure>\n\n\n\n<p><\/p>\n<\/div>\n<\/div>\n\n\n\n<div class=\"wp-block-buttons is-layout-flex wp-block-buttons-is-layout-flex\">\n<div class=\"wp-block-button cmd-gray\"><a class=\"wp-block-button__link has-background\" href=\"\/prophylaxekonzept\/zahnbuerste\/\" style=\"background-color:#6fc2b6\">Die richtige Zahnb\u00fcrste <i class=\"fa fa-chevron-right\"><\/i><\/a><\/div>\n\n\n\n<div class=\"wp-block-button cmd-gray\"><a class=\"wp-block-button__link has-background\" href=\"\/prophylaxekonzept\/zahnpasta\/\" style=\"background-color:#6fc2b6\">Die richtige Zahnpasta <i class=\"fa fa-chevron-right\"><\/i><\/a><\/div>\n\n\n\n<div class=\"wp-block-button cmd-gray\"><a class=\"wp-block-button__link has-background\" href=\"\/prophylaxekonzept\/zwischenraumpflege\/\" style=\"background-color:#6fc2b6\">Die richtige Zahnzwischenraumpflege <i class=\"fa fa-chevron-right\"><\/i><\/a><\/div>\n<\/div>\n<\/div><\/div>\n\n\n\n<div style=\"height:140px\" aria-hidden=\"true\" class=\"wp-block-spacer\"><\/div>\n\n\n\n<div class=\"wp-block-columns nogap is-layout-flex wp-container-core-columns-is-layout-9d6595d7 wp-block-columns-is-layout-flex\">\n<div class=\"wp-block-column bg-green30 is-layout-flow wp-block-column-is-layout-flow\">\n<div style=\"height:75px\" aria-hidden=\"true\" class=\"wp-block-spacer\"><\/div>\n\n\n\n<div class=\"wp-block-group half-left pdf\"><div class=\"wp-block-group__inner-container is-layout-flow wp-block-group-is-layout-flow\">\n<h3 class=\"wp-block-heading\">Unsere<br>Zahnpflege-<br>Checkliste f\u00fcr<br>Zuhause<\/h3>\n\n\n\n<div class=\"wp-block-buttons is-layout-flex wp-block-buttons-is-layout-flex\">\n<div class=\"wp-block-button\"><a class=\"wp-block-button__link\" href=\"\/wp-content\/uploads\/2022\/12\/20221202_10550_drbenner_prophylaxekonzept_cheat_sheet_A4_1seitig_layout.pdf\">Jetzt herunterladen<\/a><\/div>\n<\/div>\n<\/div><\/div>\n\n\n\n<div style=\"height:75px\" aria-hidden=\"true\" class=\"wp-block-spacer\"><\/div>\n<\/div>\n\n\n\n<div class=\"wp-block-column hg-service is-layout-flow wp-block-column-is-layout-flow\">\n<div style=\"height:10px\" aria-hidden=\"true\" class=\"wp-block-spacer\"><\/div>\n\n\n\n<div class=\"wp-block-group half-right\"><div class=\"wp-block-group__inner-container is-layout-flow wp-block-group-is-layout-flow\">\n<h3 class=\"has-text-align-center wp-block-heading\">Genau mein Service.<\/h3>\n\n\n\n<hr class=\"wp-block-separator has-css-opacity aligncenter\"\/>\n\n\n\n<h3 class=\"has-text-align-center wp-block-heading\">Jetzt einen Termin in<br>unserer Praxis vereinbaren.<\/h3>\n\n\n\n<div class=\"drflex-button-wrapper\">\n        <a href=\"javascript:toggleDrFlexAppointments()\">\n            <div class=\"drflex-button custom-css-button cmd-flex-green\"\n                style=\"border-radius: 1em;\n                    background-color: #68e697;\n                    color: #ffffff;\n                    padding: 1em;\">Hier Termin vereinbaren\n            <\/div>\n        <\/a>\n    <\/div>\n\n\n\n<p class=\"has-text-align-center\">oder telefonisch Tel. 02235 &#8211; 6525<\/p>\n<\/div><\/div>\n\n\n\n<div style=\"height:10px\" aria-hidden=\"true\" class=\"wp-block-spacer\"><\/div>\n<\/div>\n<\/div>\n\n\n\n<div class=\"wp-block-group fixed-size\"><div class=\"wp-block-group__inner-container is-layout-flow wp-block-group-is-layout-flow\">\n<div style=\"height:50px\" aria-hidden=\"true\" class=\"wp-block-spacer\"><\/div>\n\n\n\n<div class=\"wp-block-columns landing-oz-next is-layout-flex wp-container-core-columns-is-layout-9d6595d7 wp-block-columns-is-layout-flex\">\n<div class=\"wp-block-column lnading-other-adress is-layout-flow wp-block-column-is-layout-flow\">\n\n<div id=\"wk-grid9af\" class=\"uk-grid-width-1-1 uk-grid-width-small-1-1 uk-grid-width-medium-1-1 uk-grid-width-large-1-2 uk-grid-width-xlarge-1-2 uk-grid uk-grid-match uk-text-left \" data-uk-grid-match=\"{target:'> div > .uk-panel', row:true}\" data-uk-grid-margin  data-uk-scrollspy=\"{cls:'uk-animation-scale-up uk-invisible', target:'> div > .uk-panel', delay:300}\">\n\n\n    <div>\n        <div class=\"uk-panel uk-invisible\">\n\n            \n            \n                        <div class=\"uk-text-center uk-margin uk-margin-top-remove\"><img loading=\"lazy\" decoding=\"async\" src=\"\/wp-content\/uploads\/2021\/04\/logo-blue-bildmarke.png\" alt=\"PRAXIS\" width=\"91\" height=\"91\" title=\"Zahnarzt Dr. Benner\"><\/div>\n            \n            \n            \n            \n            \n                        <div class=\"uk-margin\"><div id=\"kontakt_\">.<\/div>\n<h5>PRAXIS DR. BENNER<\/h5>\n<span>Landstr. 23 | 50374 Erftstadt<br>\nTel. 02235 &#8211; 6525<br><\/span><br>\n<a href=\"mailto:info@praxis-dr-benner.de\">info@praxis-dr-benner.de<\/a><br>\n\n<\/div>\n            \n            \n            \n            \n        <\/div>\n    <\/div>\n\n\n<\/div>\n\n<script>\n(function($){\n\n    \/\/ get the images of the gallery and replace it by a canvas of the same size to fix the problem with overlapping images on load.\n    $('img[width][height]:not(.uk-overlay-panel)', $('#wk-grid9af')).each(function() {\n\n        var $img = $(this);\n\n        if (this.width == 'auto' || this.height == 'auto' || !$img.is(':visible')) {\n            return;\n        }\n\n        var $canvas = $('<canvas class=\"uk-responsive-width\"><\/canvas>').attr({width:$img.attr('width'), height:$img.attr('height')}),\n            img = new Image,\n            release = function() {\n                $canvas.remove();\n                $img.css('display', '');\n                release = function(){};\n            };\n\n        $img.css('display', 'none').after($canvas);\n\n        $(img).on('load', function(){ release(); });\n        setTimeout(function(){ release(); }, 1000);\n\n        img.src = this.src;\n\n    });\n\n})(jQuery);\n<\/script>\n\n<\/div>\n\n\n\n<div class=\"wp-block-column is-layout-flow wp-block-column-is-layout-flow\">\n\n<div id=\"wk-gridffa\" class=\"uk-grid-width-1-1 uk-grid-width-small-1-1 uk-grid-width-medium-1-1 uk-grid-width-large-1-2 uk-grid-width-xlarge-1-2 uk-grid uk-grid-match uk-text-left landigpage-oz\" data-uk-grid-match=\"{target:'> div > .uk-panel', row:true}\" data-uk-grid-margin  data-uk-scrollspy=\"{cls:'uk-animation-scale-up uk-invisible', target:'> div > .uk-panel', delay:300}\">\n\n\n    <div>\n        <div class=\"uk-panel uk-invisible\">\n\n            \n            \n            \n            \n                        <h3 class=\"uk-panel-title\">\n\n                                    \u00d6ffnungszeiten                \n                \n            <\/h3>\n            \n            \n            \n                        <div class=\"uk-margin\"><div class=\"\">\n<div id=\"oeffnungszeiten_\">.<\/div>\n<table>\n<tbody>\n<tr>\n<td>Montag<\/td>\n<td>07:30 &#8211; 19:30 Uhr<\/td>\n<\/tr>\n<tr>\n<td>Dienstag<\/td>\n<td>07:30 &#8211; 19:30 Uhr<\/td>\n<\/tr>\n<tr>\n<td>Mittwoch<\/td>\n<td>07:30 &#8211; 17:00 Uhr<\/td>\n<\/tr>\n<tr>\n<td>Donnerstag<\/td>\n<td>07:30 &#8211; 19:30 Uhr<\/td>\n<\/tr>\n<tr>\n<td>Freitag<\/td>\n<td>07:30 &#8211; 13:30 Uhr<\/td>\n<\/tr>\n<\/tbody>\n<\/table><\/div>\n<\/div>\n            \n            \n            \n            \n        <\/div>\n    <\/div>\n\n\n<\/div>\n\n<script>\n(function($){\n\n    \/\/ get the images of the gallery and replace it by a canvas of the same size to fix the problem with overlapping images on load.\n    $('img[width][height]:not(.uk-overlay-panel)', $('#wk-gridffa')).each(function() {\n\n        var $img = $(this);\n\n        if (this.width == 'auto' || this.height == 'auto' || !$img.is(':visible')) {\n            return;\n        }\n\n        var $canvas = $('<canvas class=\"uk-responsive-width\"><\/canvas>').attr({width:$img.attr('width'), height:$img.attr('height')}),\n            img = new Image,\n            release = function() {\n                $canvas.remove();\n                $img.css('display', '');\n                release = function(){};\n            };\n\n        $img.css('display', 'none').after($canvas);\n\n        $(img).on('load', function(){ release(); });\n        setTimeout(function(){ release(); }, 1000);\n\n        img.src = this.src;\n\n    });\n\n})(jQuery);\n<\/script>\n\n<\/div>\n\n\n\n<div class=\"wp-block-column is-vertically-aligned-bottom is-layout-flow wp-block-column-is-layout-flow\">\n\n<div id=\"wk-grid53a\" class=\"uk-grid-width-1-1 uk-grid-width-small-1-1 uk-grid-width-medium-1-1 uk-grid-width-large-1-2 uk-grid-width-xlarge-1-2 uk-grid uk-grid-match uk-text-left jameda-content\" data-uk-grid-match=\"{target:'> div > .uk-panel', row:true}\" data-uk-grid-margin  data-uk-scrollspy=\"{cls:'uk-animation-scale-up uk-invisible', target:'> div > .uk-panel', delay:300}\">\n\n\n    <div>\n        <div class=\"uk-panel uk-invisible\">\n\n            \n            \n            \n            \n            \n            \n            \n                        <div class=\"uk-margin\"><p><script src=\"https:\/\/cdn1.jameda-elements.de\/widgets\/siegel\/81611361_1\/1733868\/\" type=\"text\/javascript\" async><\/script><\/p>\n<div id=\"jameda-widget-container1733868\" style=\"position:relative; width:272px; height:168px; margin:15px; background-image:url(https:\/\/cdn1.jameda-elements.de\/premium\/widgets\/_images\/top10-top20-bg.png); background-repeat:no-repeat; font-family:Arial, Helvetica, sans-serif; font-size:12px; line-height:15px;\">\n<div style=\"position:absolute; top:25px; left:108px; width:148px; height:58px; overflow:hidden; white-space:normal;\"><a href=\"https:\/\/www.jameda.de\/erftstadt\/zahnaerzte\/endodontologie-wurzelbehandlung\/dr-marcel-benner\/uebersicht\/81611361_1\/?utm_content=Top5&amp;utm_source=Kunden-Homepages&amp;utm_medium=Badges&amp;utm_term=81611361&amp;utm_campaign=Badges\" style=\"font-size:15px; line-height:18px; font-weight:bold; color:#01a3d4; text-decoration:none; border:0px;\" target=\"_blank\" rel=\"noopener\">Dr. med. dent. Marcel Benner<\/a><\/div>\n<div style=\"position:absolute; top:98px; left:108px; width:152px; height:53px; overflow:hidden; color:#888; font-size:11px; line-height:13px;\"><strong><\/strong><br \/>in Erftstadt auf&nbsp;<a href=\"https:\/\/www.jameda.de\/erftstadt\/aerzte\/gruppe\/?utm_content=Top5&amp;utm_source=Kunden-Homepages&amp;utm_medium=Badges&amp;utm_term=81611361&amp;utm_campaign=Badges\" class=\"jam_link_check\" style=\"color:#069bd2; font-size:11px; text-decoration:none; border:0px; background-color:transparent !important;\" target=\"_blank\" rel=\"noopener\">jameda<\/a><\/div>\n<\/div>\n<\/div>\n            \n            \n            \n            \n        <\/div>\n    <\/div>\n\n\n<\/div>\n\n<script>\n(function($){\n\n    \/\/ get the images of the gallery and replace it by a canvas of the same size to fix the problem with overlapping images on load.\n    $('img[width][height]:not(.uk-overlay-panel)', $('#wk-grid53a')).each(function() {\n\n        var $img = $(this);\n\n        if (this.width == 'auto' || this.height == 'auto' || !$img.is(':visible')) {\n            return;\n        }\n\n        var $canvas = $('<canvas class=\"uk-responsive-width\"><\/canvas>').attr({width:$img.attr('width'), height:$img.attr('height')}),\n            img = new Image,\n            release = function() {\n                $canvas.remove();\n                $img.css('display', '');\n                release = function(){};\n            };\n\n        $img.css('display', 'none').after($canvas);\n\n        $(img).on('load', function(){ release(); });\n        setTimeout(function(){ release(); }, 1000);\n\n        img.src = this.src;\n\n    });\n\n})(jQuery);\n<\/script>\n\n<\/div>\n<\/div>\n\n\n\n<div style=\"height:50px\" aria-hidden=\"true\" class=\"wp-block-spacer\"><\/div>\n<\/div><\/div>\n<\/div><\/div>\n\n\n\n<p><\/p>\n","protected":false},"excerpt":{"rendered":"<p>Prophylaxekonzept:Die richtige Zahnpflege Die Lesedauer dieser Thematik betr\u00e4gt circa 2 Minuten. Die richtige Zahnpflege Zu diesem Thema erreichen uns in der Praxis immer sehr viele Fragen: Welche Zahnb\u00fcrste sollte ich benutzen? Wie oft benutzt man Zahnseide? Welche Zahnpasta soll es sein? Wie genau putze ich am besten? Eine allgemeing\u00fcltige Antwort darauf lautet:Keep it simple &#8211; [&hellip;]<\/p>\n","protected":false},"author":1,"featured_media":0,"parent":720,"menu_order":0,"comment_status":"closed","ping_status":"closed","template":"","meta":{"_custom_body_class":"landingpage","_custom_post_class":"","footnotes":""},"class_list":["post-608","page","type-page","status-publish","hentry"],"_links":{"self":[{"href":"https:\/\/praxis-dr-benner.brands-and-friends.de\/en\/wp-json\/wp\/v2\/pages\/608","targetHints":{"allow":["GET"]}}],"collection":[{"href":"https:\/\/praxis-dr-benner.brands-and-friends.de\/en\/wp-json\/wp\/v2\/pages"}],"about":[{"href":"https:\/\/praxis-dr-benner.brands-and-friends.de\/en\/wp-json\/wp\/v2\/types\/page"}],"author":[{"embeddable":true,"href":"https:\/\/praxis-dr-benner.brands-and-friends.de\/en\/wp-json\/wp\/v2\/users\/1"}],"replies":[{"embeddable":true,"href":"https:\/\/praxis-dr-benner.brands-and-friends.de\/en\/wp-json\/wp\/v2\/comments?post=608"}],"version-history":[{"count":33,"href":"https:\/\/praxis-dr-benner.brands-and-friends.de\/en\/wp-json\/wp\/v2\/pages\/608\/revisions"}],"predecessor-version":[{"id":840,"href":"https:\/\/praxis-dr-benner.brands-and-friends.de\/en\/wp-json\/wp\/v2\/pages\/608\/revisions\/840"}],"up":[{"embeddable":true,"href":"https:\/\/praxis-dr-benner.brands-and-friends.de\/en\/wp-json\/wp\/v2\/pages\/720"}],"wp:attachment":[{"href":"https:\/\/praxis-dr-benner.brands-and-friends.de\/en\/wp-json\/wp\/v2\/media?parent=608"}],"curies":[{"name":"wp","href":"https:\/\/api.w.org\/{rel}","templated":true}]}}