{"id":663,"date":"2022-03-08T10:54:00","date_gmt":"2022-03-08T09:54:00","guid":{"rendered":"https:\/\/praxis-dr-benner.de\/?page_id=663"},"modified":"2022-12-02T16:42:10","modified_gmt":"2022-12-02T15:42:10","slug":"zahnpasta","status":"publish","type":"page","link":"https:\/\/praxis-dr-benner.brands-and-friends.de\/en\/prophylaxekonzept\/zahnpasta\/","title":{"rendered":"Zahnpasta"},"content":{"rendered":"\n<div class=\"wp-block-group pk\"><div class=\"wp-block-group__inner-container is-layout-flow wp-block-group-is-layout-flow\">\n<figure class=\"wp-block-image size-full header\"><img loading=\"lazy\" decoding=\"async\" width=\"2560\" height=\"581\" src=\"https:\/\/praxis-dr-benner.brands-and-friends.de\/wp-content\/uploads\/2022\/03\/zp-header-scaled.jpg\" alt=\"Zahnarzt Dr. Benner\" class=\"wp-image-665\" title=\"Zahnarzt Dr. Benner\" srcset=\"https:\/\/praxis-dr-benner.brands-and-friends.de\/wp-content\/uploads\/2022\/03\/zp-header-scaled.jpg 2560w, https:\/\/praxis-dr-benner.brands-and-friends.de\/wp-content\/uploads\/2022\/03\/zp-header-300x68.jpg 300w, https:\/\/praxis-dr-benner.brands-and-friends.de\/wp-content\/uploads\/2022\/03\/zp-header-1024x232.jpg 1024w, https:\/\/praxis-dr-benner.brands-and-friends.de\/wp-content\/uploads\/2022\/03\/zp-header-768x174.jpg 768w, https:\/\/praxis-dr-benner.brands-and-friends.de\/wp-content\/uploads\/2022\/03\/zp-header-1536x349.jpg 1536w, https:\/\/praxis-dr-benner.brands-and-friends.de\/wp-content\/uploads\/2022\/03\/zp-header-2048x465.jpg 2048w\" sizes=\"auto, (max-width: 2560px) 100vw, 2560px\" \/><\/figure>\n\n\n\n<div class=\"wp-block-group bg-green\"><div class=\"wp-block-group__inner-container is-layout-flow wp-block-group-is-layout-flow\">\n<div style=\"height:20px\" aria-hidden=\"true\" class=\"wp-block-spacer\"><\/div>\n\n\n\n<div class=\"wp-block-group fixed-size\"><div class=\"wp-block-group__inner-container is-layout-flow wp-block-group-is-layout-flow\">\n<h1 class=\"wp-block-heading\">Prophylaxekonzept:<br>Die richtige Zahnpasta<\/h1>\n\n\n\n<p><strong>Die Lesedauer dieser Thematik betr\u00e4gt circa 4 Minuten.<\/strong><\/p>\n<\/div><\/div>\n\n\n\n<div style=\"height:20px\" aria-hidden=\"true\" class=\"wp-block-spacer\"><\/div>\n<\/div><\/div>\n\n\n\n<div style=\"height:50px\" aria-hidden=\"true\" class=\"wp-block-spacer\"><\/div>\n\n\n\n<div class=\"wp-block-group fixed-size\"><div class=\"wp-block-group__inner-container is-layout-flow wp-block-group-is-layout-flow\">\n<h2 class=\"no-bottom-margin has-text-color wp-block-heading\" style=\"color:#6fc2b6\">Die richtige Zahnpasta<\/h2>\n\n\n\n<div class=\"wp-block-columns is-layout-flex wp-container-core-columns-is-layout-9d6595d7 wp-block-columns-is-layout-flex\">\n<div class=\"wp-block-column column-margin is-layout-flow wp-block-column-is-layout-flow\" style=\"flex-basis:60%\">\n<p class=\"has-text-color\" style=\"color:#6fc2b6\"><strong>Welche Zahnpasta benutzt wird, hat \u00e4hnlich wie bei den B\u00fcrsten, relativ wenig Einfluss, solange ein Kriterium erf\u00fcllt wird: Die Zahnpasta muss Fluorid enthalten! Dieses so wichtige im K\u00f6rper nat\u00fcrlich vorkommende Salz hilft bei der Remineralisierung der Z\u00e4hne (siehe 2-Stunden-Regel) und sch\u00fctzt so vor Karies.<\/strong><\/p>\n\n\n\n<p>Seit 1850 wei\u00df man, dass fluoridhaltiger Schmelz s\u00e4ureresistenter ist und vermutete folgerichtig, dass man mit Fluoridzufuhr Karies verhindern kann. In manchen L\u00e4ndern wie den USA, Australien, Brasilien und Kanada wird deshalb das Trinkwasser zus\u00e4tzlich fluoridiert (gewisse Mengen finden sich in jedem Wasser), um Karies fl\u00e4chendeckend zu bek\u00e4mpfen. Von solch systemischen Methoden sowie der Einnahme von Fluoretten (Fluorid-haltige Tabletten) im Kleinkindalter ist jedoch abzusehen. Da die Z\u00e4hne nach dem Durchbruch \u201cl\u00f6chrig\u201d wie Schw\u00e4mme sind, reicht eine lokale Gabe durch Zahnpasta vollkommen aus. Die neuen Z\u00e4hne saugen sich regelrecht mit dem Fluorid aus der Zahnpasta voll und werden widerstandsf\u00e4higer.<\/p>\n<\/div>\n\n\n\n<div class=\"wp-block-column is-layout-flow wp-block-column-is-layout-flow\" style=\"flex-basis:40%\">\n<figure class=\"wp-block-image size-full\"><img loading=\"lazy\" decoding=\"async\" width=\"784\" height=\"491\" src=\"https:\/\/praxis-dr-benner.brands-and-friends.de\/wp-content\/uploads\/2022\/03\/zp1.jpg\" alt=\"Zahnarzt Dr. Benner\" class=\"wp-image-664\" title=\"Zahnarzt Dr. Benner\" srcset=\"https:\/\/praxis-dr-benner.brands-and-friends.de\/wp-content\/uploads\/2022\/03\/zp1.jpg 784w, https:\/\/praxis-dr-benner.brands-and-friends.de\/wp-content\/uploads\/2022\/03\/zp1-300x188.jpg 300w, https:\/\/praxis-dr-benner.brands-and-friends.de\/wp-content\/uploads\/2022\/03\/zp1-768x481.jpg 768w\" sizes=\"auto, (max-width: 784px) 100vw, 784px\" \/><\/figure>\n\n\n\n<p><\/p>\n<\/div>\n<\/div>\n\n\n\n<div class=\"wp-block-columns is-layout-flex wp-container-core-columns-is-layout-9d6595d7 wp-block-columns-is-layout-flex\">\n<div class=\"wp-block-column is-layout-flow wp-block-column-is-layout-flow\">\n<p><strong>Durch die systemische Zufuhr wie bei der Trinkwasserfluoridierung kann eine genaue Dosierung nicht kontrolliert werden, da Fluorid auch ganz normal \u00fcber unsere Nahrung in den K\u00f6rper gelangt.<\/strong> Deshalb sind \u00dcberdosierungen m\u00f6glich und es kann zu sogenannten Fluorosen kommen. Dies sind wei\u00dfe bis gelblich-braune Verf\u00e4rbungen auf den Z\u00e4hnen, die sich komplett verhindern lassen, wenn auf zus\u00e4tzliche Fluoridquellen abseits der Zahnpasta verzichtet wird.<\/p>\n<\/div>\n\n\n\n<div class=\"wp-block-column is-layout-flow wp-block-column-is-layout-flow\">\n<p><strong>Au\u00dferdem muss angemerkt werden, dass von Whitening Zahnpasten, also Zahn aufhellenden Pasten, mit hohem RDA Wert abgeraten werden muss.<\/strong> Der Whitening Effekt entsteht bei diesen Zahnpasten durch einen h\u00f6heren Abrieb von verf\u00e4rbter Zahnsubstanz. Von Zahnpasten mit einem RDA Wert \u00fcber 80 kann generell abgeraten werden; Patienten mit freiliegenden Zahnh\u00e4lsen sollten auf einen RDA Wert unter 50 achten. Auch elektrische Zahnb\u00fcrsten sollten aufgrund einer vermehrten Putzleistung mit RDA Werten unter 50 kombiniert werden.<\/p>\n<\/div>\n<\/div>\n\n\n\n<div class=\"wp-block-columns is-layout-flex wp-container-core-columns-is-layout-9d6595d7 wp-block-columns-is-layout-flex\">\n<div class=\"wp-block-column infobox is-layout-flow wp-block-column-is-layout-flow\">\n<div style=\"height:50px\" aria-hidden=\"true\" class=\"wp-block-spacer\"><\/div>\n\n\n<div class=\"wp-block-image\">\n<figure class=\"aligncenter size-full\"><img loading=\"lazy\" decoding=\"async\" width=\"90\" height=\"90\" src=\"https:\/\/praxis-dr-benner.brands-and-friends.de\/wp-content\/uploads\/2022\/03\/zp-i.png\" alt=\"Zahnarzt Dr. Benner\" class=\"wp-image-670\" title=\"Zahnarzt Dr. Benner\"><\/figure>\n<\/div>\n\n\n<p class=\"has-text-align-center\"><strong>Sollte Sie Ihren Z\u00e4hnen ab und an etwas Gutes tun wollen, sp\u00fclen Sie nach dem Z\u00e4hneputzen die Zahnpasta nicht mit Wasser aus, sondern spucken Sie sie einfach mit ein wenig Speichel aus. Die im Mund verbleibende Konzentration an Fluorid kann den Zahn \u00fcber Nacht st\u00e4rken.<\/strong><\/p>\n<\/div>\n<\/div>\n<\/div><\/div>\n\n\n\n<div style=\"height:100px\" aria-hidden=\"true\" class=\"wp-block-spacer\"><\/div>\n\n\n\n<div class=\"wp-block-group bg-green\"><div class=\"wp-block-group__inner-container is-layout-flow wp-block-group-is-layout-flow\">\n<div style=\"height:25px\" aria-hidden=\"true\" class=\"wp-block-spacer\"><\/div>\n\n\n\n<div class=\"wp-block-group fixed-size\"><div class=\"wp-block-group__inner-container is-layout-flow wp-block-group-is-layout-flow\">\n<h2 class=\"wp-block-heading\">Hier weiterlesen:<\/h2>\n\n\n\n<div class=\"wp-block-buttons is-layout-flex wp-block-buttons-is-layout-flex\">\n<div class=\"wp-block-button cmd-gray\"><a class=\"wp-block-button__link\" href=\"\/prophylaxekonzept\/zahnpflege\">Die richtige Zahnpflege<\/a><\/div>\n\n\n\n<div class=\"wp-block-button cmd-gray\"><a class=\"wp-block-button__link\" href=\"\/prophylaxekonzept\/zahnbuerste\">Die richtige Zahnb\u00fcrste<\/a><\/div>\n\n\n\n<div class=\"wp-block-button cmd-gray\"><a class=\"wp-block-button__link\" href=\"\/prophylaxekonzept\/zwischenraumpflege\">Die richtige Zahnzwischenraumpflege<\/a><\/div>\n<\/div>\n<\/div><\/div>\n\n\n\n<div style=\"height:50px\" aria-hidden=\"true\" class=\"wp-block-spacer\"><\/div>\n<\/div><\/div>\n\n\n\n<div class=\"wp-block-columns nogap is-layout-flex wp-container-core-columns-is-layout-9d6595d7 wp-block-columns-is-layout-flex\">\n<div class=\"wp-block-column bg-green30 is-layout-flow wp-block-column-is-layout-flow\">\n<div style=\"height:75px\" aria-hidden=\"true\" class=\"wp-block-spacer\"><\/div>\n\n\n\n<div class=\"wp-block-group half-left pdf\"><div class=\"wp-block-group__inner-container is-layout-flow wp-block-group-is-layout-flow\">\n<h3 class=\"wp-block-heading\">Unsere<br>Zahnpflege-<br>Checkliste f\u00fcr<br>Zuhause<\/h3>\n\n\n\n<div class=\"wp-block-buttons is-layout-flex wp-block-buttons-is-layout-flex\">\n<div class=\"wp-block-button\"><a class=\"wp-block-button__link\" href=\"\/wp-content\/uploads\/2022\/12\/20221202_10550_drbenner_prophylaxekonzept_cheat_sheet_A4_1seitig_layout.pdf\">Jetzt herunterladen<\/a><\/div>\n<\/div>\n<\/div><\/div>\n\n\n\n<div style=\"height:75px\" aria-hidden=\"true\" class=\"wp-block-spacer\"><\/div>\n<\/div>\n\n\n\n<div class=\"wp-block-column hg-service is-layout-flow wp-block-column-is-layout-flow\">\n<div style=\"height:10px\" aria-hidden=\"true\" class=\"wp-block-spacer\"><\/div>\n\n\n\n<div class=\"wp-block-group half-right\"><div class=\"wp-block-group__inner-container is-layout-flow wp-block-group-is-layout-flow\">\n<h3 class=\"has-text-align-center wp-block-heading\">Genau mein Service.<\/h3>\n\n\n\n<hr class=\"wp-block-separator has-css-opacity aligncenter\"\/>\n\n\n\n<h3 class=\"has-text-align-center wp-block-heading\">Jetzt einen Termin in<br>unserer Praxis vereinbaren.<\/h3>\n\n\n\n<div class=\"drflex-button-wrapper\">\n        <a href=\"javascript:toggleDrFlexAppointments()\">\n            <div class=\"drflex-button custom-css-button cmd-flex-green\"\n                style=\"border-radius: 1em;\n                    background-color: #68e697;\n                    color: #ffffff;\n                    padding: 1em;\">Hier Termin vereinbaren\n            <\/div>\n        <\/a>\n    <\/div>\n\n\n\n<p class=\"has-text-align-center\">oder telefonisch Tel. 02235 &#8211; 6525<\/p>\n<\/div><\/div>\n\n\n\n<div style=\"height:10px\" aria-hidden=\"true\" class=\"wp-block-spacer\"><\/div>\n<\/div>\n<\/div>\n\n\n\n<div class=\"wp-block-group fixed-size\"><div class=\"wp-block-group__inner-container is-layout-flow wp-block-group-is-layout-flow\">\n<div style=\"height:50px\" aria-hidden=\"true\" class=\"wp-block-spacer\"><\/div>\n\n\n\n<div class=\"wp-block-columns landing-oz-next is-layout-flex wp-container-core-columns-is-layout-9d6595d7 wp-block-columns-is-layout-flex\">\n<div class=\"wp-block-column lnading-other-adress is-layout-flow wp-block-column-is-layout-flow\">\n\n<div id=\"wk-grid45e\" class=\"uk-grid-width-1-1 uk-grid-width-small-1-1 uk-grid-width-medium-1-1 uk-grid-width-large-1-2 uk-grid-width-xlarge-1-2 uk-grid uk-grid-match uk-text-left \" data-uk-grid-match=\"{target:'> div > .uk-panel', row:true}\" data-uk-grid-margin  data-uk-scrollspy=\"{cls:'uk-animation-scale-up uk-invisible', target:'> div > .uk-panel', delay:300}\">\n\n\n    <div>\n        <div class=\"uk-panel uk-invisible\">\n\n            \n            \n                        <div class=\"uk-text-center uk-margin uk-margin-top-remove\"><img loading=\"lazy\" decoding=\"async\" src=\"\/wp-content\/uploads\/2021\/04\/logo-blue-bildmarke.png\" alt=\"PRAXIS\" width=\"91\" height=\"91\" title=\"Zahnarzt Dr. Benner\"><\/div>\n            \n            \n            \n            \n            \n                        <div class=\"uk-margin\"><div id=\"kontakt_\">.<\/div>\n<h5>PRAXIS DR. BENNER<\/h5>\n<span>Landstr. 23 | 50374 Erftstadt<br>\nTel. 02235 &#8211; 6525<br><\/span><br>\n<a href=\"mailto:info@praxis-dr-benner.de\">info@praxis-dr-benner.de<\/a><br>\n\n<\/div>\n            \n            \n            \n            \n        <\/div>\n    <\/div>\n\n\n<\/div>\n\n<script>\n(function($){\n\n    \/\/ get the images of the gallery and replace it by a canvas of the same size to fix the problem with overlapping images on load.\n    $('img[width][height]:not(.uk-overlay-panel)', $('#wk-grid45e')).each(function() {\n\n        var $img = $(this);\n\n        if (this.width == 'auto' || this.height == 'auto' || !$img.is(':visible')) {\n            return;\n        }\n\n        var $canvas = $('<canvas class=\"uk-responsive-width\"><\/canvas>').attr({width:$img.attr('width'), height:$img.attr('height')}),\n            img = new Image,\n            release = function() {\n                $canvas.remove();\n                $img.css('display', '');\n                release = function(){};\n            };\n\n        $img.css('display', 'none').after($canvas);\n\n        $(img).on('load', function(){ release(); });\n        setTimeout(function(){ release(); }, 1000);\n\n        img.src = this.src;\n\n    });\n\n})(jQuery);\n<\/script>\n\n<\/div>\n\n\n\n<div class=\"wp-block-column is-layout-flow wp-block-column-is-layout-flow\">\n\n<div id=\"wk-grid100\" class=\"uk-grid-width-1-1 uk-grid-width-small-1-1 uk-grid-width-medium-1-1 uk-grid-width-large-1-2 uk-grid-width-xlarge-1-2 uk-grid uk-grid-match uk-text-left landigpage-oz\" data-uk-grid-match=\"{target:'> div > .uk-panel', row:true}\" data-uk-grid-margin  data-uk-scrollspy=\"{cls:'uk-animation-scale-up uk-invisible', target:'> div > .uk-panel', delay:300}\">\n\n\n    <div>\n        <div class=\"uk-panel uk-invisible\">\n\n            \n            \n            \n            \n                        <h3 class=\"uk-panel-title\">\n\n                                    \u00d6ffnungszeiten                \n                \n            <\/h3>\n            \n            \n            \n                        <div class=\"uk-margin\"><div class=\"\">\n<div id=\"oeffnungszeiten_\">.<\/div>\n<table>\n<tbody>\n<tr>\n<td>Montag<\/td>\n<td>07:30 &#8211; 19:30 Uhr<\/td>\n<\/tr>\n<tr>\n<td>Dienstag<\/td>\n<td>07:30 &#8211; 19:30 Uhr<\/td>\n<\/tr>\n<tr>\n<td>Mittwoch<\/td>\n<td>07:30 &#8211; 17:00 Uhr<\/td>\n<\/tr>\n<tr>\n<td>Donnerstag<\/td>\n<td>07:30 &#8211; 19:30 Uhr<\/td>\n<\/tr>\n<tr>\n<td>Freitag<\/td>\n<td>07:30 &#8211; 13:30 Uhr<\/td>\n<\/tr>\n<\/tbody>\n<\/table><\/div>\n<\/div>\n            \n            \n            \n            \n        <\/div>\n    <\/div>\n\n\n<\/div>\n\n<script>\n(function($){\n\n    \/\/ get the images of the gallery and replace it by a canvas of the same size to fix the problem with overlapping images on load.\n    $('img[width][height]:not(.uk-overlay-panel)', $('#wk-grid100')).each(function() {\n\n        var $img = $(this);\n\n        if (this.width == 'auto' || this.height == 'auto' || !$img.is(':visible')) {\n            return;\n        }\n\n        var $canvas = $('<canvas class=\"uk-responsive-width\"><\/canvas>').attr({width:$img.attr('width'), height:$img.attr('height')}),\n            img = new Image,\n            release = function() {\n                $canvas.remove();\n                $img.css('display', '');\n                release = function(){};\n            };\n\n        $img.css('display', 'none').after($canvas);\n\n        $(img).on('load', function(){ release(); });\n        setTimeout(function(){ release(); }, 1000);\n\n        img.src = this.src;\n\n    });\n\n})(jQuery);\n<\/script>\n\n<\/div>\n\n\n\n<div class=\"wp-block-column is-vertically-aligned-bottom is-layout-flow wp-block-column-is-layout-flow\">\n\n<div id=\"wk-grid65c\" class=\"uk-grid-width-1-1 uk-grid-width-small-1-1 uk-grid-width-medium-1-1 uk-grid-width-large-1-2 uk-grid-width-xlarge-1-2 uk-grid uk-grid-match uk-text-left jameda-content\" data-uk-grid-match=\"{target:'> div > .uk-panel', row:true}\" data-uk-grid-margin  data-uk-scrollspy=\"{cls:'uk-animation-scale-up uk-invisible', target:'> div > .uk-panel', delay:300}\">\n\n\n    <div>\n        <div class=\"uk-panel uk-invisible\">\n\n            \n            \n            \n            \n            \n            \n            \n                        <div class=\"uk-margin\"><p><script src=\"https:\/\/cdn1.jameda-elements.de\/widgets\/siegel\/81611361_1\/1733868\/\" type=\"text\/javascript\" async><\/script><\/p>\n<div id=\"jameda-widget-container1733868\" style=\"position:relative; width:272px; height:168px; margin:15px; background-image:url(https:\/\/cdn1.jameda-elements.de\/premium\/widgets\/_images\/top10-top20-bg.png); background-repeat:no-repeat; font-family:Arial, Helvetica, sans-serif; font-size:12px; line-height:15px;\">\n<div style=\"position:absolute; top:25px; left:108px; width:148px; height:58px; overflow:hidden; white-space:normal;\"><a href=\"https:\/\/www.jameda.de\/erftstadt\/zahnaerzte\/endodontologie-wurzelbehandlung\/dr-marcel-benner\/uebersicht\/81611361_1\/?utm_content=Top5&amp;utm_source=Kunden-Homepages&amp;utm_medium=Badges&amp;utm_term=81611361&amp;utm_campaign=Badges\" style=\"font-size:15px; line-height:18px; font-weight:bold; color:#01a3d4; text-decoration:none; border:0px;\" target=\"_blank\" rel=\"noopener\">Dr. med. dent. Marcel Benner<\/a><\/div>\n<div style=\"position:absolute; top:98px; left:108px; width:152px; height:53px; overflow:hidden; color:#888; font-size:11px; line-height:13px;\"><strong><\/strong><br \/>in Erftstadt auf&nbsp;<a href=\"https:\/\/www.jameda.de\/erftstadt\/aerzte\/gruppe\/?utm_content=Top5&amp;utm_source=Kunden-Homepages&amp;utm_medium=Badges&amp;utm_term=81611361&amp;utm_campaign=Badges\" class=\"jam_link_check\" style=\"color:#069bd2; font-size:11px; text-decoration:none; border:0px; background-color:transparent !important;\" target=\"_blank\" rel=\"noopener\">jameda<\/a><\/div>\n<\/div>\n<\/div>\n            \n            \n            \n            \n        <\/div>\n    <\/div>\n\n\n<\/div>\n\n<script>\n(function($){\n\n    \/\/ get the images of the gallery and replace it by a canvas of the same size to fix the problem with overlapping images on load.\n    $('img[width][height]:not(.uk-overlay-panel)', $('#wk-grid65c')).each(function() {\n\n        var $img = $(this);\n\n        if (this.width == 'auto' || this.height == 'auto' || !$img.is(':visible')) {\n            return;\n        }\n\n        var $canvas = $('<canvas class=\"uk-responsive-width\"><\/canvas>').attr({width:$img.attr('width'), height:$img.attr('height')}),\n            img = new Image,\n            release = function() {\n                $canvas.remove();\n                $img.css('display', '');\n                release = function(){};\n            };\n\n        $img.css('display', 'none').after($canvas);\n\n        $(img).on('load', function(){ release(); });\n        setTimeout(function(){ release(); }, 1000);\n\n        img.src = this.src;\n\n    });\n\n})(jQuery);\n<\/script>\n\n<\/div>\n<\/div>\n\n\n\n<div style=\"height:50px\" aria-hidden=\"true\" class=\"wp-block-spacer\"><\/div>\n<\/div><\/div>\n<\/div><\/div>\n\n\n\n<p><\/p>\n","protected":false},"excerpt":{"rendered":"<p>Prophylaxekonzept:Die richtige Zahnpasta Die Lesedauer dieser Thematik betr\u00e4gt circa 4 Minuten. Die richtige Zahnpasta Welche Zahnpasta benutzt wird, hat \u00e4hnlich wie bei den B\u00fcrsten, relativ wenig Einfluss, solange ein Kriterium erf\u00fcllt wird: Die Zahnpasta muss Fluorid enthalten! Dieses so wichtige im K\u00f6rper nat\u00fcrlich vorkommende Salz hilft bei der Remineralisierung der Z\u00e4hne (siehe 2-Stunden-Regel) und sch\u00fctzt [&hellip;]<\/p>\n","protected":false},"author":1,"featured_media":0,"parent":720,"menu_order":0,"comment_status":"closed","ping_status":"closed","template":"","meta":{"_custom_body_class":"landingpage","_custom_post_class":"","footnotes":""},"class_list":["post-663","page","type-page","status-publish","hentry"],"_links":{"self":[{"href":"https:\/\/praxis-dr-benner.brands-and-friends.de\/en\/wp-json\/wp\/v2\/pages\/663","targetHints":{"allow":["GET"]}}],"collection":[{"href":"https:\/\/praxis-dr-benner.brands-and-friends.de\/en\/wp-json\/wp\/v2\/pages"}],"about":[{"href":"https:\/\/praxis-dr-benner.brands-and-friends.de\/en\/wp-json\/wp\/v2\/types\/page"}],"author":[{"embeddable":true,"href":"https:\/\/praxis-dr-benner.brands-and-friends.de\/en\/wp-json\/wp\/v2\/users\/1"}],"replies":[{"embeddable":true,"href":"https:\/\/praxis-dr-benner.brands-and-friends.de\/en\/wp-json\/wp\/v2\/comments?post=663"}],"version-history":[{"count":21,"href":"https:\/\/praxis-dr-benner.brands-and-friends.de\/en\/wp-json\/wp\/v2\/pages\/663\/revisions"}],"predecessor-version":[{"id":839,"href":"https:\/\/praxis-dr-benner.brands-and-friends.de\/en\/wp-json\/wp\/v2\/pages\/663\/revisions\/839"}],"up":[{"embeddable":true,"href":"https:\/\/praxis-dr-benner.brands-and-friends.de\/en\/wp-json\/wp\/v2\/pages\/720"}],"wp:attachment":[{"href":"https:\/\/praxis-dr-benner.brands-and-friends.de\/en\/wp-json\/wp\/v2\/media?parent=663"}],"curies":[{"name":"wp","href":"https:\/\/api.w.org\/{rel}","templated":true}]}}